{"id":560,"date":"2016-02-19T01:02:29","date_gmt":"2016-02-19T00:02:29","guid":{"rendered":"http:\/\/www.campingcaladostia.com\/de\/homepage\/"},"modified":"2025-03-07T21:06:44","modified_gmt":"2025-03-07T20:06:44","slug":"homepage","status":"publish","type":"page","link":"https:\/\/www.campingcaladostia.com\/de\/","title":{"rendered":"Homepage"},"content":{"rendered":"\n<div class=\"wp-block-group block_1\"><div class=\"wp-block-group__inner-container is-layout-constrained wp-block-group-is-layout-constrained\">\n<div class=\"wp-block-cover is-light\"><span aria-hidden=\"true\" class=\"wp-block-cover__background has-background-dim-0 has-background-dim\" style=\"background-color:#FFF\"><\/span><video class=\"wp-block-cover__video-background intrinsic-ignore\" autoplay muted loop playsinline src=\"https:\/\/www.campingcaladostia.com\/wp-content\/uploads\/2025\/02\/camping-cala-d-ostia-VP-SPOT-R.mp4\" data-object-fit=\"cover\"><\/video><div class=\"wp-block-cover__inner-container is-layout-constrained wp-block-cover-is-layout-constrained\">\n<h1 class=\"wp-block-heading has-text-align-center has-large-font-size\">Camping Cala d\u2019Ostia, ihr<br> Campingurlaub auf Sardinien<\/h1>\n<\/div><\/div>\n\n\n        <div class=\"prenota form-prenota\">\n            <div id=\"mysearchengine\" class=\"mgc-container mgc-wide\">&nbsp;<\/div>\n            <div class=\"aviso_agosto\">\n                                    Vom 1 bis 25 August werden Buchungen nur f\u00fcr mindestens 7 N\u00e4chte akzeptiert.\n                            <\/div>\n        <\/div>\n        \n<\/div><\/div>\n\n\n\n<div class=\"wp-block-group block_2\"><div class=\"wp-block-group__inner-container is-layout-constrained wp-block-group-is-layout-constrained\">\n<p>K\u00f6nnen Meer, Sonne, Strand, Berge, Arch\u00e4ologie und Komfort auf Sardinien nebeneinander bestehen? Ja, all dies erwartet Sie das ganze Jahr \u00fcber auf unserem Campingplatz!<\/p>\n\n\n\n<div class=\"wp-block-group accommodation_list\"><div class=\"wp-block-group__inner-container is-layout-constrained wp-block-group-is-layout-constrained\">\n<div class=\"wp-block-columns is-layout-flex wp-container-core-columns-is-layout-9d6595d7 wp-block-columns-is-layout-flex\">\n<div class=\"wp-block-column is-layout-flow wp-block-column-is-layout-flow\">\n<figure class=\"wp-block-image size-full image\"><a href=\"https:\/\/www.campingcaladostia.com\/de\/unterkuenfte\/stellplaetze-fuer-zelte\/\"><img loading=\"lazy\" decoding=\"async\" width=\"1125\" height=\"956\" src=\"https:\/\/www.campingcaladostia.com\/wp-content\/uploads\/2025\/02\/case-mobili-6-2.jpg\" alt=\"\" class=\"wp-image-4067\"\/><\/a><\/figure>\n\n\n\n<h2 class=\"wp-block-heading\"><a href=\"https:\/\/www.campingcaladostia.com\/de\/unterkuenfte\/stellplaetze-fuer-zelte\/\">Stellpl\u00e4tze <br>f\u00fcr Zelte<\/a><\/h2>\n\n\n\n<figure class=\"wp-block-image size-full arrow\"><a href=\"https:\/\/www.campingcaladostia.com\/de\/unterkuenfte\/stellplaetze-fuer-zelte\/\"><img decoding=\"async\" src=\"https:\/\/www.campingcaladostia.com\/wp-content\/uploads\/2025\/02\/yellow-arrow.svg\" alt=\"\" class=\"wp-image-4324\"\/><\/a><\/figure>\n<\/div>\n\n\n\n<div class=\"wp-block-column is-layout-flow wp-block-column-is-layout-flow\">\n<figure class=\"wp-block-image size-full image\"><a href=\"https:\/\/www.campingcaladostia.com\/de\/unterkuenfte\/stellplaetze-fuer-wohnmobile-und-wohnwagen\/\"><img loading=\"lazy\" decoding=\"async\" width=\"1125\" height=\"956\" src=\"https:\/\/www.campingcaladostia.com\/wp-content\/uploads\/2025\/02\/case-mobili-6-3.jpg\" alt=\"\" class=\"wp-image-4071\"\/><\/a><\/figure>\n\n\n\n<h2 class=\"wp-block-heading\"><a href=\"https:\/\/www.campingcaladostia.com\/de\/unterkuenfte\/stellplaetze-fuer-wohnmobile-und-wohnwagen\/\">Stellpl\u00e4tze f\u00fcr <br>Wohnmobile <br>und Wohnwagen<\/a><\/h2>\n\n\n\n<figure class=\"wp-block-image size-full arrow\"><a href=\"https:\/\/www.campingcaladostia.com\/de\/unterkuenfte\/stellplaetze-fuer-wohnmobile-und-wohnwagen\/\"><img decoding=\"async\" src=\"https:\/\/www.campingcaladostia.com\/wp-content\/uploads\/2025\/02\/yellow-arrow-1.svg\" alt=\"\" class=\"wp-image-4327\"\/><\/a><\/figure>\n<\/div>\n<\/div>\n\n\n\n<div class=\"wp-block-columns is-layout-flex wp-container-core-columns-is-layout-9d6595d7 wp-block-columns-is-layout-flex\">\n<div class=\"wp-block-column is-layout-flow wp-block-column-is-layout-flow\">\n<figure class=\"wp-block-image size-full image\"><a href=\"https:\/\/www.campingcaladostia.com\/de\/unterkuenfte\/wohnwagen-vermietung\/\"><img loading=\"lazy\" decoding=\"async\" width=\"1125\" height=\"956\" src=\"https:\/\/www.campingcaladostia.com\/wp-content\/uploads\/2025\/02\/case-mobili-6-4.jpg\" alt=\"\" class=\"wp-image-4075\"\/><\/a><\/figure>\n\n\n\n<h2 class=\"wp-block-heading\"><a href=\"https:\/\/www.campingcaladostia.com\/de\/unterkuenfte\/wohnwagen-vermietung\/\">Wohnwagen <br>Vermietung<\/a><\/h2>\n\n\n\n<figure class=\"wp-block-image size-full arrow\"><a href=\"https:\/\/www.campingcaladostia.com\/de\/unterkuenfte\/wohnwagen-vermietung\/\"><img decoding=\"async\" src=\"https:\/\/www.campingcaladostia.com\/wp-content\/uploads\/2025\/02\/yellow-arrow-2.svg\" alt=\"\" class=\"wp-image-4330\"\/><\/a><\/figure>\n<\/div>\n\n\n\n<div class=\"wp-block-column is-layout-flow wp-block-column-is-layout-flow\">\n<figure class=\"wp-block-image size-full image\"><img loading=\"lazy\" decoding=\"async\" width=\"1125\" height=\"956\" src=\"https:\/\/www.campingcaladostia.com\/wp-content\/uploads\/2025\/02\/case-mobili-4.jpg\" alt=\"\" class=\"wp-image-5547\"\/><\/figure>\n\n\n\n<h2 class=\"wp-block-heading\"><a href=\"https:\/\/www.campingcaladostia.com\/de\/unterkuenfte\/mobilheime\/\">Mobilheime<\/a><\/h2>\n\n\n\n<figure class=\"wp-block-image size-full arrow\"><a href=\"https:\/\/www.campingcaladostia.com\/de\/unterkuenfte\/mobilheime\/\"><img decoding=\"async\" src=\"https:\/\/www.campingcaladostia.com\/wp-content\/uploads\/2025\/02\/yellow-arrow-3.svg\" alt=\"\" class=\"wp-image-4333\"\/><\/a><\/figure>\n<\/div>\n<\/div>\n<\/div><\/div>\n<\/div><\/div>\n\n\n\n<div class=\"wp-block-group block_3\"><div class=\"wp-block-group__inner-container is-layout-constrained wp-block-group-is-layout-constrained\">\n<h2 class=\"wp-block-heading\">F\u00fcr Sie konzipierte Dienstleistungen<\/h2>\n\n\n\n<div class=\"wp-block-group slider_services\"><div class=\"wp-block-group__inner-container is-layout-constrained wp-block-group-is-layout-constrained\">\n<div class=\"wp-block-group slider swiper-container\"><div class=\"wp-block-group__inner-container is-layout-constrained wp-block-group-is-layout-constrained\">\n<div class=\"wp-block-group slide swiper-slide\"><div class=\"wp-block-group__inner-container is-layout-constrained wp-block-group-is-layout-constrained\">\n<figure class=\"wp-block-image size-full\"><a href=\"https:\/\/www.campingcaladostia.com\/de\/services\/rezeption\/\"><img loading=\"lazy\" decoding=\"async\" width=\"846\" height=\"838\" src=\"https:\/\/www.campingcaladostia.com\/wp-content\/uploads\/2025\/02\/87ac8b2d-b18b-42e5-a0eb-feebd5eafd4d1-7-1.jpg\" alt=\"\" class=\"wp-image-4360\"\/><\/a><\/figure>\n\n\n\n<h3 class=\"wp-block-heading\"><a href=\"https:\/\/www.campingcaladostia.com\/de\/services\/rezeption\/\" data-type=\"page\" data-id=\"126\">Rezeption<\/a><\/h3>\n<\/div><\/div>\n\n\n\n<div class=\"wp-block-group slide swiper-slide\"><div class=\"wp-block-group__inner-container is-layout-constrained wp-block-group-is-layout-constrained\">\n<figure class=\"wp-block-image size-full\"><a href=\"https:\/\/www.campingcaladostia.com\/de\/services\/mini-markt\/\"><img loading=\"lazy\" decoding=\"async\" width=\"732\" height=\"708\" src=\"https:\/\/www.campingcaladostia.com\/wp-content\/uploads\/2025\/02\/mini-market-1.jpg\" alt=\"\" class=\"wp-image-4357\"\/><\/a><\/figure>\n\n\n\n<h3 class=\"wp-block-heading\"><a href=\"https:\/\/www.campingcaladostia.com\/de\/services\/mini-markt\/\" data-type=\"page\" data-id=\"132\">Mini-Markt<\/a><\/h3>\n<\/div><\/div>\n\n\n\n<div class=\"wp-block-group slide swiper-slide\"><div class=\"wp-block-group__inner-container is-layout-constrained wp-block-group-is-layout-constrained\">\n<figure class=\"wp-block-image size-full\"><a href=\"https:\/\/www.campingcaladostia.com\/de\/services\/bar-tabakgeschaft\/\"><img loading=\"lazy\" decoding=\"async\" width=\"732\" height=\"708\" src=\"https:\/\/www.campingcaladostia.com\/wp-content\/uploads\/2025\/02\/interno-bar-camping-sardegna-pula-1.jpg\" alt=\"\" class=\"wp-image-4366\"\/><\/a><\/figure>\n\n\n\n<h3 class=\"wp-block-heading\"><a data-type=\"page\" data-id=\"128\" href=\"https:\/\/www.campingcaladostia.com\/de\/services\/bar-tabakgeschaft\/\">Bar Tabakgesch\u00e4ft<\/a><\/h3>\n<\/div><\/div>\n\n\n\n<div class=\"wp-block-group slide swiper-slide\"><div class=\"wp-block-group__inner-container is-layout-constrained wp-block-group-is-layout-constrained\">\n<figure class=\"wp-block-image size-full\"><a href=\"https:\/\/www.campingcaladostia.com\/de\/services\/strandbar\/\"><img loading=\"lazy\" decoding=\"async\" width=\"846\" height=\"838\" src=\"https:\/\/www.campingcaladostia.com\/wp-content\/uploads\/2025\/02\/87ac8b2d-b18b-42e5-a0eb-feebd5eafd4d1-11.jpg\" alt=\"\" class=\"wp-image-4103\"\/><\/a><\/figure>\n\n\n\n<h3 class=\"wp-block-heading\"><a href=\"https:\/\/www.campingcaladostia.com\/de\/services\/strandbar\/\">Strandbar<\/a><\/h3>\n<\/div><\/div>\n\n\n\n<div class=\"wp-block-group slide swiper-slide\"><div class=\"wp-block-group__inner-container is-layout-constrained wp-block-group-is-layout-constrained\">\n<figure class=\"wp-block-image size-full\"><a href=\"https:\/\/www.campingcaladostia.com\/de\/services\/pizzeria\/\"><img loading=\"lazy\" decoding=\"async\" width=\"732\" height=\"708\" src=\"https:\/\/www.campingcaladostia.com\/wp-content\/uploads\/2025\/02\/pizzeria-2-1.jpg\" alt=\"\" class=\"wp-image-4389\"\/><\/a><\/figure>\n\n\n\n<h3 class=\"wp-block-heading\"><a href=\"https:\/\/www.campingcaladostia.com\/de\/services\/pizzeria\/\" data-type=\"page\" data-id=\"130\">Pizzeria<\/a><\/h3>\n<\/div><\/div>\n\n\n\n<div class=\"wp-block-group slide swiper-slide\"><div class=\"wp-block-group__inner-container is-layout-constrained wp-block-group-is-layout-constrained\">\n<figure class=\"wp-block-image size-full\"><a href=\"https:\/\/www.campingcaladostia.com\/de\/services\/aktivitaten-und-gerateverleih\/\"><img loading=\"lazy\" decoding=\"async\" width=\"846\" height=\"838\" src=\"https:\/\/www.campingcaladostia.com\/wp-content\/uploads\/2025\/02\/87ac8b2d-b18b-42e5-a0eb-feebd5eafd4d1-5.jpg\" alt=\"\" class=\"wp-image-4096\"\/><\/a><\/figure>\n\n\n\n<h3 class=\"wp-block-heading\"><a href=\"https:\/\/www.campingcaladostia.com\/de\/services\/aktivitaten-und-gerateverleih\/\">Aktivit\u00e4ten und Ger\u00e4teverleih<\/a><\/h3>\n<\/div><\/div>\n\n\n\n<div class=\"wp-block-group slide swiper-slide\"><div class=\"wp-block-group__inner-container is-layout-constrained wp-block-group-is-layout-constrained\">\n<figure class=\"wp-block-image size-full\"><a href=\"https:\/\/www.campingcaladostia.com\/de\/services\/sanitare-anlagen\/\"><img loading=\"lazy\" decoding=\"async\" width=\"732\" height=\"708\" src=\"https:\/\/www.campingcaladostia.com\/wp-content\/uploads\/2025\/02\/servizi-igienici-campeggio-sardegna.jpg\" alt=\"\" class=\"wp-image-5043\"\/><\/a><\/figure>\n\n\n\n<h3 class=\"wp-block-heading\"><a href=\"https:\/\/www.campingcaladostia.com\/de\/services\/sanitare-anlagen\/\" data-type=\"page\" data-id=\"10\">Sanit\u00e4re Anlagen<\/a><\/h3>\n<\/div><\/div>\n\n\n\n<div class=\"wp-block-group slide swiper-slide\"><div class=\"wp-block-group__inner-container is-layout-constrained wp-block-group-is-layout-constrained\">\n<figure class=\"wp-block-image size-full\"><a href=\"https:\/\/www.campingcaladostia.com\/de\/services\/andere-services\/\"><img loading=\"lazy\" decoding=\"async\" width=\"732\" height=\"708\" src=\"https:\/\/www.campingcaladostia.com\/wp-content\/uploads\/2025\/02\/lavatrice.jpg\" alt=\"\" class=\"wp-image-4477\"\/><\/a><\/figure>\n\n\n\n<h3 class=\"wp-block-heading\"><a href=\"https:\/\/www.campingcaladostia.com\/de\/services\/andere-services\/\" data-type=\"page\" data-id=\"136\">Andere Services<\/a><\/h3>\n<\/div><\/div>\n<\/div><\/div>\n\n\n\n<div class=\"wp-block-buttons is-layout-flex wp-block-buttons-is-layout-flex\">\n<div class=\"wp-block-button\"><a class=\"wp-block-button__link wp-element-button\" href=\"https:\/\/www.campingcaladostia.com\/de\/services\/\">Alle Dienstleistungen entdecken<\/a><\/div>\n<\/div>\n<\/div><\/div>\n<\/div><\/div>\n\n\n\n<div class=\"wp-block-group block_4\"><div class=\"wp-block-group__inner-container is-layout-constrained wp-block-group-is-layout-constrained\">\n<div class=\"wp-block-cover\"><span aria-hidden=\"true\" class=\"wp-block-cover__background has-black-background-color has-background-dim-20 has-background-dim\"><\/span><img loading=\"lazy\" decoding=\"async\" width=\"1633\" height=\"702\" class=\"wp-block-cover__image-background wp-image-4113\" alt=\"\" src=\"https:\/\/www.campingcaladostia.com\/wp-content\/uploads\/2025\/02\/area-archeologica-di-nora-3-1.jpg\" data-object-fit=\"cover\"\/><div class=\"wp-block-cover__inner-container is-layout-constrained wp-block-cover-is-layout-constrained\">\n<p class=\"has-text-align-center has-large-font-size\">Der Campingplatz Cala d\u2019Ostia,<br> zwischen Natur und Kultur<\/p>\n\n\n\n<div class=\"wp-block-buttons is-content-justification-center is-layout-flex wp-container-core-buttons-is-layout-16018d1d wp-block-buttons-is-layout-flex\">\n<div class=\"wp-block-button\"><a class=\"wp-block-button__link wp-element-button\" href=\"https:\/\/www.campingcaladostia.com\/de\/wo-wir-sind\/\">Erfahren Sie, wo wir sind<\/a><\/div>\n<\/div>\n<\/div><\/div>\n<\/div><\/div>\n\n\n\n<div class=\"wp-block-group block_5\"><div class=\"wp-block-group__inner-container is-layout-constrained wp-block-group-is-layout-constrained\">\n<h2 class=\"wp-block-heading\">Die Meinungen unserer Kunden<\/h2>\n\n\n<pre class=\"ti-widget\"><template id=\"trustindex-google-widget-html\"><div class=\" ti-widget  ti-goog ti-disable-font ti-review-text-mode-scroll ti-text-align-left\" data-no-translation=\"true\" data-plugin-version=\"13.2.7\" data-layout-id=\"4\" data-layout-category=\"slider\" data-set-id=\"light-background\" data-pid=\"\" data-language=\"it\" data-close-locale=\"Vicino\" data-review-target-width=\"300\" data-css-version=\"2\" data-reply-by-locale=\"Risposta dal proprietario\" data-only-rating-locale=\"Questo utente ha lasciato solo una valutazione.\" data-pager-autoplay-timeout=\"6\"> <div class=\"ti-widget-container ti-col-3\"> <div class=\"ti-reviews-container\"> <div class=\"ti-controls\"> <div class=\"ti-next\" aria-label=\"Prossima recensione\" role=\"button\" tabindex=\"0\"><\/div> <div class=\"ti-prev\" aria-label=\"Recensione precedente\" role=\"button\" tabindex=\"0\"><\/div> <\/div> <div class=\"ti-reviews-container-wrapper\">  <div data-empty=\"0\" class=\"ti-review-item source-Google ti-image-layout-thumbnail\" data-id=\"cfcd208495d565ef66e7dff9f98764da\"> <div class=\"ti-inner\"> <div class=\"ti-review-header\"> <div class=\"ti-platform-icon ti-with-tooltip\"> <span class=\"ti-tooltip\">Pubblicato su <\/span> <trustindex-image data-imgurl=\"https:\/\/cdn.trustindex.io\/assets\/platform\/Google\/icon.svg\" alt=\"\" width=\"20\" height=\"20\" loading=\"lazy\"><\/trustindex-image> <\/div> <div class=\"ti-profile-img\"> <trustindex-image data-imgurl=\"https:\/\/lh3.googleusercontent.com\/a\/ACg8ocKvsMI5-Vpw7ycxN47_AdwMQAlGfB4Rwjrr8mw-S9GTs3N-xw=w40-h40-c-rp-mo-ba3-br100\" alt=\"Patrick Kr\u00e4henb\u00fchl profile picture\" loading=\"lazy\"><\/trustindex-image> <\/div> <div class=\"ti-profile-details\"> <div class=\"ti-name\"> Patrick Kr\u00e4henb\u00fchl <\/div> <div class=\"ti-date\">15\/04\/2026<\/div> <\/div> <\/div> <span class=\"ti-stars\"><trustindex-image class=\"ti-star\" data-imgurl=\"https:\/\/cdn.trustindex.io\/assets\/platform\/Google\/star\/f.svg\" alt=\"Google\" width=\"17\" height=\"17\" loading=\"lazy\"><\/trustindex-image><trustindex-image class=\"ti-star\" data-imgurl=\"https:\/\/cdn.trustindex.io\/assets\/platform\/Google\/star\/f.svg\" alt=\"Google\" width=\"17\" height=\"17\" loading=\"lazy\"><\/trustindex-image><trustindex-image class=\"ti-star\" data-imgurl=\"https:\/\/cdn.trustindex.io\/assets\/platform\/Google\/star\/f.svg\" alt=\"Google\" width=\"17\" height=\"17\" loading=\"lazy\"><\/trustindex-image><trustindex-image class=\"ti-star\" data-imgurl=\"https:\/\/cdn.trustindex.io\/assets\/platform\/Google\/star\/f.svg\" alt=\"Google\" width=\"17\" height=\"17\" loading=\"lazy\"><\/trustindex-image><trustindex-image class=\"ti-star\" data-imgurl=\"https:\/\/cdn.trustindex.io\/assets\/platform\/Google\/star\/e.svg\" alt=\"Google\" width=\"17\" height=\"17\" loading=\"lazy\"><\/trustindex-image><\/span> <div class=\"ti-review-text-container ti-review-content\"><!-- R-CONTENT -->Der Empfang war sehr aufmerksam. Auf Grund des schlechten Wetters wurde uns (mit Zeltklappanh\u00e4nger) ein windgesch\u00fctzer Platz zugeteilt. Dieser war durch die B\u00e4ume vor dem Wind gesch\u00fctzt. Die Sanit\u00e4ranlagen sind klar auf Sommer ausgerichtet. Es hat wenig warme Duschen. F\u00fcr die muss man bezahlen. Zum Teil ist das warme Wasser erst da wenn die H\u00e4lfte der Zeit vergangen ist. Auf Grund der Lage ist der Platz sehr zu empfehlen. Zudem ist es einer der wenigen die im April offen haben.<!-- R-CONTENT --><\/div> <span class=\"ti-read-more\" data-container=\".ti-review-content\" data-collapse-text=\"Nascondere\" data-open-text=\"Leggi di pi\u00f9\"><\/span> <\/div> <\/div>  <div data-empty=\"0\" class=\"ti-review-item source-Google ti-image-layout-thumbnail\" data-id=\"cfcd208495d565ef66e7dff9f98764da\"> <div class=\"ti-inner\"> <div class=\"ti-review-header\"> <div class=\"ti-platform-icon ti-with-tooltip\"> <span class=\"ti-tooltip\">Pubblicato su <\/span> <trustindex-image data-imgurl=\"https:\/\/cdn.trustindex.io\/assets\/platform\/Google\/icon.svg\" alt=\"\" width=\"20\" height=\"20\" loading=\"lazy\"><\/trustindex-image> <\/div> <div class=\"ti-profile-img\"> <trustindex-image data-imgurl=\"https:\/\/lh3.googleusercontent.com\/a\/ACg8ocJBlCrF7YA9vBYzo2joohFJ1Xo2aqD3oJgGgLOSXThUiJIlsQ=w40-h40-c-rp-mo-br100\" alt=\"Willi Hornung profile picture\" loading=\"lazy\"><\/trustindex-image> <\/div> <div class=\"ti-profile-details\"> <div class=\"ti-name\"> Willi Hornung <\/div> <div class=\"ti-date\">09\/04\/2026<\/div> <\/div> <\/div> <span class=\"ti-stars\"><trustindex-image class=\"ti-star\" data-imgurl=\"https:\/\/cdn.trustindex.io\/assets\/platform\/Google\/star\/f.svg\" alt=\"Google\" width=\"17\" height=\"17\" loading=\"lazy\"><\/trustindex-image><trustindex-image class=\"ti-star\" data-imgurl=\"https:\/\/cdn.trustindex.io\/assets\/platform\/Google\/star\/f.svg\" alt=\"Google\" width=\"17\" height=\"17\" loading=\"lazy\"><\/trustindex-image><trustindex-image class=\"ti-star\" data-imgurl=\"https:\/\/cdn.trustindex.io\/assets\/platform\/Google\/star\/f.svg\" alt=\"Google\" width=\"17\" height=\"17\" loading=\"lazy\"><\/trustindex-image><trustindex-image class=\"ti-star\" data-imgurl=\"https:\/\/cdn.trustindex.io\/assets\/platform\/Google\/star\/f.svg\" alt=\"Google\" width=\"17\" height=\"17\" loading=\"lazy\"><\/trustindex-image><trustindex-image class=\"ti-star\" data-imgurl=\"https:\/\/cdn.trustindex.io\/assets\/platform\/Google\/star\/f.svg\" alt=\"Google\" width=\"17\" height=\"17\" loading=\"lazy\"><\/trustindex-image><\/span> <div class=\"ti-review-text-container ti-review-content\"><!-- R-CONTENT -->Das ist ein sehr sch\u00f6ner Platz, ganzj\u00e4hrig ge\u00f6ffnet. Michaela und Roberto sind sehr herzlich und hilfsbereit. Ich war au\u00dferhalb der Saison dort Nov bis M\u00e4rz. Die sanit\u00e4ren Anlagen sind sauber und werden t\u00e4glich morgens geputzt. \u00dcber die Hochsaison kann ich nichts sagen. Es gibt aber jede Menge Dauercamper dort.<!-- R-CONTENT --><\/div> <span class=\"ti-read-more\" data-container=\".ti-review-content\" data-collapse-text=\"Nascondere\" data-open-text=\"Leggi di pi\u00f9\"><\/span> <\/div> <\/div>  <div data-empty=\"0\" class=\"ti-review-item source-Google ti-image-layout-thumbnail\" data-id=\"cfcd208495d565ef66e7dff9f98764da\"> <div class=\"ti-inner\"> <div class=\"ti-review-header\"> <div class=\"ti-platform-icon ti-with-tooltip\"> <span class=\"ti-tooltip\">Pubblicato su <\/span> <trustindex-image data-imgurl=\"https:\/\/cdn.trustindex.io\/assets\/platform\/Google\/icon.svg\" alt=\"\" width=\"20\" height=\"20\" loading=\"lazy\"><\/trustindex-image> <\/div> <div class=\"ti-profile-img\"> <trustindex-image data-imgurl=\"https:\/\/lh3.googleusercontent.com\/a\/ACg8ocJcR0n9FRb3tSuXTkQ5S3czT-VCXuBPT6gGlN7vxl_62gk3uQ=w40-h40-c-rp-mo-br100\" alt=\"anke eckert profile picture\" loading=\"lazy\"><\/trustindex-image> <\/div> <div class=\"ti-profile-details\"> <div class=\"ti-name\"> anke eckert <\/div> <div class=\"ti-date\">04\/04\/2026<\/div> <\/div> <\/div> <span class=\"ti-stars\"><trustindex-image class=\"ti-star\" data-imgurl=\"https:\/\/cdn.trustindex.io\/assets\/platform\/Google\/star\/f.svg\" alt=\"Google\" width=\"17\" height=\"17\" loading=\"lazy\"><\/trustindex-image><trustindex-image class=\"ti-star\" data-imgurl=\"https:\/\/cdn.trustindex.io\/assets\/platform\/Google\/star\/e.svg\" alt=\"Google\" width=\"17\" height=\"17\" loading=\"lazy\"><\/trustindex-image><trustindex-image class=\"ti-star\" data-imgurl=\"https:\/\/cdn.trustindex.io\/assets\/platform\/Google\/star\/e.svg\" alt=\"Google\" width=\"17\" height=\"17\" loading=\"lazy\"><\/trustindex-image><trustindex-image class=\"ti-star\" data-imgurl=\"https:\/\/cdn.trustindex.io\/assets\/platform\/Google\/star\/e.svg\" alt=\"Google\" width=\"17\" height=\"17\" loading=\"lazy\"><\/trustindex-image><trustindex-image class=\"ti-star\" data-imgurl=\"https:\/\/cdn.trustindex.io\/assets\/platform\/Google\/star\/e.svg\" alt=\"Google\" width=\"17\" height=\"17\" loading=\"lazy\"><\/trustindex-image><\/span> <div class=\"ti-review-text-container ti-review-content\"><!-- R-CONTENT -->Im Winter ist es sehr sch\u00f6ner, ruhiger Platz zum \u00dcberwintern. Die Besitzer sind super nett und immer hilfsbereit.<!-- R-CONTENT --><\/div> <span class=\"ti-read-more\" data-container=\".ti-review-content\" data-collapse-text=\"Nascondere\" data-open-text=\"Leggi di pi\u00f9\"><\/span> <\/div> <\/div>  <div data-empty=\"0\" class=\"ti-review-item source-Google ti-image-layout-thumbnail\" data-id=\"cfcd208495d565ef66e7dff9f98764da\"> <div class=\"ti-inner\"> <div class=\"ti-review-header\"> <div class=\"ti-platform-icon ti-with-tooltip\"> <span class=\"ti-tooltip\">Pubblicato su <\/span> <trustindex-image data-imgurl=\"https:\/\/cdn.trustindex.io\/assets\/platform\/Google\/icon.svg\" alt=\"\" width=\"20\" height=\"20\" loading=\"lazy\"><\/trustindex-image> <\/div> <div class=\"ti-profile-img\"> <trustindex-image data-imgurl=\"https:\/\/lh3.googleusercontent.com\/a\/ACg8ocI_f7Y2hBIJ4R0EYCQ2jseguoTQRQrZnlvZLkpW2wtPUKEowg=w40-h40-c-rp-mo-br100\" alt=\"Anne Jegouzo profile picture\" loading=\"lazy\"><\/trustindex-image> <\/div> <div class=\"ti-profile-details\"> <div class=\"ti-name\"> Anne Jegouzo <\/div> <div class=\"ti-date\">20\/03\/2026<\/div> <\/div> <\/div> <span class=\"ti-stars\"><trustindex-image class=\"ti-star\" data-imgurl=\"https:\/\/cdn.trustindex.io\/assets\/platform\/Google\/star\/f.svg\" alt=\"Google\" width=\"17\" height=\"17\" loading=\"lazy\"><\/trustindex-image><trustindex-image class=\"ti-star\" data-imgurl=\"https:\/\/cdn.trustindex.io\/assets\/platform\/Google\/star\/f.svg\" alt=\"Google\" width=\"17\" height=\"17\" loading=\"lazy\"><\/trustindex-image><trustindex-image class=\"ti-star\" data-imgurl=\"https:\/\/cdn.trustindex.io\/assets\/platform\/Google\/star\/f.svg\" alt=\"Google\" width=\"17\" height=\"17\" loading=\"lazy\"><\/trustindex-image><trustindex-image class=\"ti-star\" data-imgurl=\"https:\/\/cdn.trustindex.io\/assets\/platform\/Google\/star\/f.svg\" alt=\"Google\" width=\"17\" height=\"17\" loading=\"lazy\"><\/trustindex-image><trustindex-image class=\"ti-star\" data-imgurl=\"https:\/\/cdn.trustindex.io\/assets\/platform\/Google\/star\/e.svg\" alt=\"Google\" width=\"17\" height=\"17\" loading=\"lazy\"><\/trustindex-image><\/span> <div class=\"ti-review-text-container ti-review-content\"><!-- R-CONTENT -->Seul camping ouvert pendant la p\u00e9riode hivernale.<!-- R-CONTENT --><\/div> <span class=\"ti-read-more\" data-container=\".ti-review-content\" data-collapse-text=\"Nascondere\" data-open-text=\"Leggi di pi\u00f9\"><\/span> <\/div> <\/div>  <div data-empty=\"0\" class=\"ti-review-item source-Google ti-image-layout-thumbnail\" data-id=\"cfcd208495d565ef66e7dff9f98764da\"> <div class=\"ti-inner\"> <div class=\"ti-review-header\"> <div class=\"ti-platform-icon ti-with-tooltip\"> <span class=\"ti-tooltip\">Pubblicato su <\/span> <trustindex-image data-imgurl=\"https:\/\/cdn.trustindex.io\/assets\/platform\/Google\/icon.svg\" alt=\"\" width=\"20\" height=\"20\" loading=\"lazy\"><\/trustindex-image> <\/div> <div class=\"ti-profile-img\"> <trustindex-image data-imgurl=\"https:\/\/lh3.googleusercontent.com\/a-\/ALV-UjU-aSUgbzHl-2RAgVsw0PhZP6LDkzVdwgFJy0kGUgdBJlxfILY=w40-h40-c-rp-mo-ba2-br100\" alt=\"Martin Lahs profile picture\" loading=\"lazy\"><\/trustindex-image> <\/div> <div class=\"ti-profile-details\"> <div class=\"ti-name\"> Martin Lahs <\/div> <div class=\"ti-date\">19\/02\/2026<\/div> <\/div> <\/div> <span class=\"ti-stars\"><trustindex-image class=\"ti-star\" data-imgurl=\"https:\/\/cdn.trustindex.io\/assets\/platform\/Google\/star\/f.svg\" alt=\"Google\" width=\"17\" height=\"17\" loading=\"lazy\"><\/trustindex-image><trustindex-image class=\"ti-star\" data-imgurl=\"https:\/\/cdn.trustindex.io\/assets\/platform\/Google\/star\/f.svg\" alt=\"Google\" width=\"17\" height=\"17\" loading=\"lazy\"><\/trustindex-image><trustindex-image class=\"ti-star\" data-imgurl=\"https:\/\/cdn.trustindex.io\/assets\/platform\/Google\/star\/f.svg\" alt=\"Google\" width=\"17\" height=\"17\" loading=\"lazy\"><\/trustindex-image><trustindex-image class=\"ti-star\" data-imgurl=\"https:\/\/cdn.trustindex.io\/assets\/platform\/Google\/star\/f.svg\" alt=\"Google\" width=\"17\" height=\"17\" loading=\"lazy\"><\/trustindex-image><trustindex-image class=\"ti-star\" data-imgurl=\"https:\/\/cdn.trustindex.io\/assets\/platform\/Google\/star\/f.svg\" alt=\"Google\" width=\"17\" height=\"17\" loading=\"lazy\"><\/trustindex-image><\/span> <div class=\"ti-review-text-container ti-review-content\"><!-- R-CONTENT -->Waren im Februar mit dem Wohnmobil f\u00fcr 3 N\u00e4chte dort. Gut gepflegter Campingplatz mit Blick auf das Meer. Der Strand ist nur durch eine kleine Stra\u00dfe vom Platz getrennt.  Sanit\u00e4rhaus etwas in die Jahre gekommen aber sauber.<!-- R-CONTENT --><\/div> <span class=\"ti-read-more\" data-container=\".ti-review-content\" data-collapse-text=\"Nascondere\" data-open-text=\"Leggi di pi\u00f9\"><\/span> <\/div> <\/div>  <div data-empty=\"0\" class=\"ti-review-item source-Google ti-image-layout-thumbnail\" data-id=\"cfcd208495d565ef66e7dff9f98764da\"> <div class=\"ti-inner\"> <div class=\"ti-review-header\"> <div class=\"ti-platform-icon ti-with-tooltip\"> <span class=\"ti-tooltip\">Pubblicato su <\/span> <trustindex-image data-imgurl=\"https:\/\/cdn.trustindex.io\/assets\/platform\/Google\/icon.svg\" alt=\"\" width=\"20\" height=\"20\" loading=\"lazy\"><\/trustindex-image> <\/div> <div class=\"ti-profile-img\"> <trustindex-image data-imgurl=\"https:\/\/lh3.googleusercontent.com\/a-\/ALV-UjViIaBBm2BcHcVLHfyNxx3CNE8nu-vPlEAeT96Lz4BHDHZ-44cCNA=w40-h40-c-rp-mo-ba4-br100\" alt=\"Markus Lutz profile picture\" loading=\"lazy\"><\/trustindex-image> <\/div> <div class=\"ti-profile-details\"> <div class=\"ti-name\"> Markus Lutz <\/div> <div class=\"ti-date\">30\/01\/2026<\/div> <\/div> <\/div> <span class=\"ti-stars\"><trustindex-image class=\"ti-star\" data-imgurl=\"https:\/\/cdn.trustindex.io\/assets\/platform\/Google\/star\/f.svg\" alt=\"Google\" width=\"17\" height=\"17\" loading=\"lazy\"><\/trustindex-image><trustindex-image class=\"ti-star\" data-imgurl=\"https:\/\/cdn.trustindex.io\/assets\/platform\/Google\/star\/f.svg\" alt=\"Google\" width=\"17\" height=\"17\" loading=\"lazy\"><\/trustindex-image><trustindex-image class=\"ti-star\" data-imgurl=\"https:\/\/cdn.trustindex.io\/assets\/platform\/Google\/star\/f.svg\" alt=\"Google\" width=\"17\" height=\"17\" loading=\"lazy\"><\/trustindex-image><trustindex-image class=\"ti-star\" data-imgurl=\"https:\/\/cdn.trustindex.io\/assets\/platform\/Google\/star\/e.svg\" alt=\"Google\" width=\"17\" height=\"17\" loading=\"lazy\"><\/trustindex-image><trustindex-image class=\"ti-star\" data-imgurl=\"https:\/\/cdn.trustindex.io\/assets\/platform\/Google\/star\/e.svg\" alt=\"Google\" width=\"17\" height=\"17\" loading=\"lazy\"><\/trustindex-image><\/span> <div class=\"ti-review-text-container ti-review-content\"><!-- R-CONTENT -->Dusche etwas alt, Jeans notwendig. Warm\/kalt verkehrt deklariert. WC ohne Brillen. Ich habe das alte WC zum kapern verwendet. Kein Toilettenpapier. Sonst aber sauber.<!-- R-CONTENT --><\/div> <span class=\"ti-read-more\" data-container=\".ti-review-content\" data-collapse-text=\"Nascondere\" data-open-text=\"Leggi di pi\u00f9\"><\/span> <\/div> <\/div>  <div data-empty=\"0\" class=\"ti-review-item source-Google ti-image-layout-thumbnail\" data-id=\"cfcd208495d565ef66e7dff9f98764da\"> <div class=\"ti-inner\"> <div class=\"ti-review-header\"> <div class=\"ti-platform-icon ti-with-tooltip\"> <span class=\"ti-tooltip\">Pubblicato su <\/span> <trustindex-image data-imgurl=\"https:\/\/cdn.trustindex.io\/assets\/platform\/Google\/icon.svg\" alt=\"\" width=\"20\" height=\"20\" loading=\"lazy\"><\/trustindex-image> <\/div> <div class=\"ti-profile-img\"> <trustindex-image data-imgurl=\"https:\/\/lh3.googleusercontent.com\/a-\/ALV-UjXZVa_flrWxtL29X-3TTKFEslS4pq4vayO9CTvCmEl5XzTikE1Vzw=w40-h40-c-rp-mo-ba3-br100\" alt=\"Marcello Foddi profile picture\" loading=\"lazy\"><\/trustindex-image> <\/div> <div class=\"ti-profile-details\"> <div class=\"ti-name\"> Marcello Foddi <\/div> <div class=\"ti-date\">24\/01\/2026<\/div> <\/div> <\/div> <span class=\"ti-stars\"><trustindex-image class=\"ti-star\" data-imgurl=\"https:\/\/cdn.trustindex.io\/assets\/platform\/Google\/star\/f.svg\" alt=\"Google\" width=\"17\" height=\"17\" loading=\"lazy\"><\/trustindex-image><trustindex-image class=\"ti-star\" data-imgurl=\"https:\/\/cdn.trustindex.io\/assets\/platform\/Google\/star\/f.svg\" alt=\"Google\" width=\"17\" height=\"17\" loading=\"lazy\"><\/trustindex-image><trustindex-image class=\"ti-star\" data-imgurl=\"https:\/\/cdn.trustindex.io\/assets\/platform\/Google\/star\/f.svg\" alt=\"Google\" width=\"17\" height=\"17\" loading=\"lazy\"><\/trustindex-image><trustindex-image class=\"ti-star\" data-imgurl=\"https:\/\/cdn.trustindex.io\/assets\/platform\/Google\/star\/f.svg\" alt=\"Google\" width=\"17\" height=\"17\" loading=\"lazy\"><\/trustindex-image><trustindex-image class=\"ti-star\" data-imgurl=\"https:\/\/cdn.trustindex.io\/assets\/platform\/Google\/star\/e.svg\" alt=\"Google\" width=\"17\" height=\"17\" loading=\"lazy\"><\/trustindex-image><\/span> <div class=\"ti-review-text-container ti-review-content\"><!-- R-CONTENT -->Ben organizzato...<!-- R-CONTENT --><\/div> <span class=\"ti-read-more\" data-container=\".ti-review-content\" data-collapse-text=\"Nascondere\" data-open-text=\"Leggi di pi\u00f9\"><\/span> <\/div> <\/div>  <div data-empty=\"0\" class=\"ti-review-item source-Google ti-image-layout-thumbnail\" data-id=\"cfcd208495d565ef66e7dff9f98764da\"> <div class=\"ti-inner\"> <div class=\"ti-review-header\"> <div class=\"ti-platform-icon ti-with-tooltip\"> <span class=\"ti-tooltip\">Pubblicato su <\/span> <trustindex-image data-imgurl=\"https:\/\/cdn.trustindex.io\/assets\/platform\/Google\/icon.svg\" alt=\"\" width=\"20\" height=\"20\" loading=\"lazy\"><\/trustindex-image> <\/div> <div class=\"ti-profile-img\"> <trustindex-image data-imgurl=\"https:\/\/lh3.googleusercontent.com\/a\/ACg8ocKl4dqA_z9NPMA2FMZDN66HSvNHZQam74OsAK3wbq3VBd3g7g=w40-h40-c-rp-mo-ba2-br100\" alt=\"Thomas Pascher profile picture\" loading=\"lazy\"><\/trustindex-image> <\/div> <div class=\"ti-profile-details\"> <div class=\"ti-name\"> Thomas Pascher <\/div> <div class=\"ti-date\">07\/01\/2026<\/div> <\/div> <\/div> <span class=\"ti-stars\"><trustindex-image class=\"ti-star\" data-imgurl=\"https:\/\/cdn.trustindex.io\/assets\/platform\/Google\/star\/f.svg\" alt=\"Google\" width=\"17\" height=\"17\" loading=\"lazy\"><\/trustindex-image><trustindex-image class=\"ti-star\" data-imgurl=\"https:\/\/cdn.trustindex.io\/assets\/platform\/Google\/star\/f.svg\" alt=\"Google\" width=\"17\" height=\"17\" loading=\"lazy\"><\/trustindex-image><trustindex-image class=\"ti-star\" data-imgurl=\"https:\/\/cdn.trustindex.io\/assets\/platform\/Google\/star\/f.svg\" alt=\"Google\" width=\"17\" height=\"17\" loading=\"lazy\"><\/trustindex-image><trustindex-image class=\"ti-star\" data-imgurl=\"https:\/\/cdn.trustindex.io\/assets\/platform\/Google\/star\/f.svg\" alt=\"Google\" width=\"17\" height=\"17\" loading=\"lazy\"><\/trustindex-image><trustindex-image class=\"ti-star\" data-imgurl=\"https:\/\/cdn.trustindex.io\/assets\/platform\/Google\/star\/e.svg\" alt=\"Google\" width=\"17\" height=\"17\" loading=\"lazy\"><\/trustindex-image><\/span> <div class=\"ti-review-text-container ti-review-content\"><!-- R-CONTENT -->Lage mit direktem Meerblick, nur durch kleine K\u00fcstenstrasse vom Meer getrennt. Sehr aufmerksame und hilfsbereite Betreiber. Waschh\u00e4user etwas in die Jahre gekommen, aber immer sauber (auch jetzt im Dezember\/Januar wurde t\u00e4glich gereinigt. Kleiner Shop mit Br\u00f6tchenservice. Wir kommen bestimmt wieder.<!-- R-CONTENT --><\/div> <span class=\"ti-read-more\" data-container=\".ti-review-content\" data-collapse-text=\"Nascondere\" data-open-text=\"Leggi di pi\u00f9\"><\/span> <\/div> <\/div>  <\/div> <div class=\"ti-controls-line\"> <div class=\"dot\"><\/div> <\/div> <\/div>    <\/div> <\/div> <\/template><\/pre><div data-src=\"https:\/\/cdn.trustindex.io\/loader.js?wp-widget\" data-template-id=\"trustindex-google-widget-html\" data-css-url=\"https:\/\/www.campingcaladostia.com\/wp-content\/uploads\/trustindex-google-widget.css?1773414681\"><\/div>\n<\/div><\/div>\n\n\n\n<div class=\"wp-block-group block_6\"><div class=\"wp-block-group__inner-container is-layout-constrained wp-block-group-is-layout-constrained\">\n<div class=\"wp-block-group call_to_action_galleria\"><div class=\"wp-block-group__inner-container is-layout-constrained wp-block-group-is-layout-constrained\">\n<figure class=\"wp-block-image size-full\"><img loading=\"lazy\" decoding=\"async\" width=\"716\" height=\"640\" src=\"https:\/\/www.campingcaladostia.com\/wp-content\/uploads\/2025\/02\/Group-2782.png\" alt=\"\" class=\"wp-image-4127\"\/><\/figure>\n\n\n\n<p>Galerie\u00a0des campingplatzes und der umgebung<\/p>\n\n\n\n<div class=\"wp-block-buttons is-layout-flex wp-block-buttons-is-layout-flex\">\n<div class=\"wp-block-button\"><a class=\"wp-block-button__link wp-element-button\" href=\"https:\/\/www.campingcaladostia.com\/de\/galerie\/\">Siehe die gallerie<\/a><\/div>\n<\/div>\n<\/div><\/div>\n<\/div><\/div>\n\n\n\n<div class=\"wp-block-group block_7\"><div class=\"wp-block-group__inner-container is-layout-constrained wp-block-group-is-layout-constrained\">\n<div class=\"wp-block-group nostri_partners\"><div class=\"wp-block-group__inner-container is-layout-constrained wp-block-group-is-layout-constrained\">\n<h2 class=\"wp-block-heading\">Unsere&nbsp;Partner<\/h2>\n\n\n\n<div class=\"wp-block-group images swiper-container\"><div class=\"wp-block-group__inner-container is-layout-constrained wp-block-group-is-layout-constrained\">\n<figure class=\"wp-block-image size-full \u00ecmage_1 swiper-slide\"><img loading=\"lazy\" decoding=\"async\" width=\"366\" height=\"316\" src=\"https:\/\/www.campingcaladostia.com\/wp-content\/uploads\/2019\/03\/logo-tripadvisor.png\" alt=\"\" class=\"wp-image-3344\"\/><\/figure>\n\n\n\n<figure class=\"wp-block-image size-full \u00ecmage_2 swiper-slide\"><img loading=\"lazy\" decoding=\"async\" width=\"366\" height=\"316\" src=\"https:\/\/www.campingcaladostia.com\/wp-content\/uploads\/2019\/03\/logo-koobcamp.png\" alt=\"\" class=\"wp-image-3341\"\/><\/figure>\n\n\n\n<figure class=\"wp-block-image size-full \u00ecmage_3 swiper-slide\"><img loading=\"lazy\" decoding=\"async\" width=\"365\" height=\"316\" src=\"https:\/\/www.campingcaladostia.com\/wp-content\/uploads\/2019\/03\/logo-grimaldi-lines.png\" alt=\"\" class=\"wp-image-3338\"\/><\/figure>\n\n\n\n<figure class=\"wp-block-image size-full \u00ecmage_4 swiper-slide\"><img loading=\"lazy\" decoding=\"async\" width=\"366\" height=\"316\" src=\"https:\/\/www.campingcaladostia.com\/wp-content\/uploads\/2019\/03\/logo-faita-federcamping-1.png\" alt=\"\" class=\"wp-image-3354\"\/><\/figure>\n\n\n\n<figure class=\"wp-block-image size-full \u00ecmage_5 swiper-slide\"><img loading=\"lazy\" decoding=\"async\" width=\"366\" height=\"316\" src=\"https:\/\/www.campingcaladostia.com\/wp-content\/uploads\/2019\/03\/logo-corsica-sardinia-ferries.png\" alt=\"\" class=\"wp-image-3332\"\/><\/figure>\n\n\n\n<figure class=\"wp-block-image size-full \u00ecmage_6 swiper-slide\"><img loading=\"lazy\" decoding=\"async\" width=\"366\" height=\"316\" src=\"https:\/\/www.campingcaladostia.com\/wp-content\/uploads\/2019\/03\/logo-camperisti-sardi.png\" alt=\"\" class=\"wp-image-3329\"\/><\/figure>\n\n\n\n<figure class=\"wp-block-image size-full \u00ecmage_7 swiper-slide\"><img loading=\"lazy\" decoding=\"async\" width=\"366\" height=\"316\" src=\"https:\/\/www.campingcaladostia.com\/wp-content\/uploads\/2019\/03\/logo-booking-com.png\" alt=\"\" class=\"wp-image-3326\"\/><\/figure>\n<\/div><\/div>\n<\/div><\/div>\n<\/div><\/div>\n","protected":false},"excerpt":{"rendered":"<p>K\u00f6nnen Meer, Sonne, Strand, Berge, Arch\u00e4ologie und Komfort auf Sardinien nebeneinander bestehen? Ja, all dies erwartet Sie das ganze Jahr \u00fcber auf unserem Campingplatz! F\u00fcr Sie konzipierte Dienstleistungen Die Meinungen unserer Kunden<\/p>\n","protected":false},"author":1,"featured_media":0,"parent":0,"menu_order":0,"comment_status":"closed","ping_status":"closed","template":"fullwith-without-title.php","meta":{"footnotes":""},"class_list":["post-560","page","type-page","status-publish","hentry"],"yoast_head":"<!-- This site is optimized with the Yoast SEO plugin v27.1.1 - https:\/\/yoast.com\/product\/yoast-seo-wordpress\/ -->\n<title>Camping in Sardinien - Camping Cala d&#039;Ostia<\/title>\n<meta name=\"description\" content=\"Meer, Sonne, Strand, Berge, Arch\u00e4ologie und Komfort in Sardinien gleichzeitig erleben?\" \/>\n<meta name=\"robots\" content=\"index, follow, max-snippet:-1, max-image-preview:large, max-video-preview:-1\" \/>\n<link rel=\"canonical\" href=\"https:\/\/www.campingcaladostia.com\/de\/\" \/>\n<meta property=\"og:locale\" content=\"de_DE\" \/>\n<meta property=\"og:type\" content=\"article\" \/>\n<meta property=\"og:title\" content=\"Camping in Sardinien - Camping Cala d&#039;Ostia\" \/>\n<meta property=\"og:description\" content=\"Meer, Sonne, Strand, Berge, Arch\u00e4ologie und Komfort in Sardinien gleichzeitig erleben?\" \/>\n<meta property=\"og:url\" content=\"https:\/\/www.campingcaladostia.com\/de\/\" \/>\n<meta property=\"og:site_name\" content=\"Camping Cala d&#039;Ostia\" \/>\n<meta property=\"article:modified_time\" content=\"2025-03-07T20:06:44+00:00\" \/>\n<meta property=\"og:image\" content=\"https:\/\/www.campingcaladostia.com\/wp-content\/uploads\/2025\/02\/area-archeologica-di-nora-3-1.jpg\" \/>\n<meta name=\"twitter:card\" content=\"summary_large_image\" \/>\n<meta name=\"twitter:label1\" content=\"Gesch\u00e4tzte Lesezeit\" \/>\n\t<meta name=\"twitter:data1\" content=\"2\u00a0Minuten\" \/>\n<script type=\"application\/ld+json\" class=\"yoast-schema-graph\">{\"@context\":\"https:\/\/schema.org\",\"@graph\":[{\"@type\":\"WebPage\",\"@id\":\"https:\/\/www.campingcaladostia.com\/de\/\",\"url\":\"https:\/\/www.campingcaladostia.com\/de\/\",\"name\":\"Camping in Sardinien - Camping Cala d'Ostia\",\"isPartOf\":{\"@id\":\"https:\/\/www.campingcaladostia.com\/de\/#website\"},\"primaryImageOfPage\":{\"@id\":\"https:\/\/www.campingcaladostia.com\/de\/#primaryimage\"},\"image\":{\"@id\":\"https:\/\/www.campingcaladostia.com\/de\/#primaryimage\"},\"thumbnailUrl\":\"https:\/\/www.campingcaladostia.com\/wp-content\/uploads\/2025\/02\/area-archeologica-di-nora-3-1.jpg\",\"datePublished\":\"2016-02-19T00:02:29+00:00\",\"dateModified\":\"2025-03-07T20:06:44+00:00\",\"description\":\"Meer, Sonne, Strand, Berge, Arch\u00e4ologie und Komfort in Sardinien gleichzeitig erleben?\",\"breadcrumb\":{\"@id\":\"https:\/\/www.campingcaladostia.com\/de\/#breadcrumb\"},\"inLanguage\":\"de\",\"potentialAction\":[{\"@type\":\"ReadAction\",\"target\":[\"https:\/\/www.campingcaladostia.com\/de\/\"]}]},{\"@type\":\"ImageObject\",\"inLanguage\":\"de\",\"@id\":\"https:\/\/www.campingcaladostia.com\/de\/#primaryimage\",\"url\":\"https:\/\/www.campingcaladostia.com\/wp-content\/uploads\/2025\/02\/area-archeologica-di-nora-3-1.jpg\",\"contentUrl\":\"https:\/\/www.campingcaladostia.com\/wp-content\/uploads\/2025\/02\/area-archeologica-di-nora-3-1.jpg\"},{\"@type\":\"BreadcrumbList\",\"@id\":\"https:\/\/www.campingcaladostia.com\/de\/#breadcrumb\",\"itemListElement\":[{\"@type\":\"ListItem\",\"position\":1,\"name\":\"Home\",\"item\":\"https:\/\/www.campingcaladostia.com\/de\/\"},{\"@type\":\"ListItem\",\"position\":2,\"name\":\"Homepage\"}]},{\"@type\":\"WebSite\",\"@id\":\"https:\/\/www.campingcaladostia.com\/de\/#website\",\"url\":\"https:\/\/www.campingcaladostia.com\/de\/\",\"name\":\"Camping Cala d&#039;Ostia\",\"description\":\"Campeggio Sardegna sul mare a Pula\",\"potentialAction\":[{\"@type\":\"SearchAction\",\"target\":{\"@type\":\"EntryPoint\",\"urlTemplate\":\"https:\/\/www.campingcaladostia.com\/de\/?s={search_term_string}\"},\"query-input\":{\"@type\":\"PropertyValueSpecification\",\"valueRequired\":true,\"valueName\":\"search_term_string\"}}],\"inLanguage\":\"de\"}]}<\/script>\n<!-- \/ Yoast SEO plugin. -->","yoast_head_json":{"title":"Camping in Sardinien - Camping Cala d'Ostia","description":"Meer, Sonne, Strand, Berge, Arch\u00e4ologie und Komfort in Sardinien gleichzeitig erleben?","robots":{"index":"index","follow":"follow","max-snippet":"max-snippet:-1","max-image-preview":"max-image-preview:large","max-video-preview":"max-video-preview:-1"},"canonical":"https:\/\/www.campingcaladostia.com\/de\/","og_locale":"de_DE","og_type":"article","og_title":"Camping in Sardinien - Camping Cala d'Ostia","og_description":"Meer, Sonne, Strand, Berge, Arch\u00e4ologie und Komfort in Sardinien gleichzeitig erleben?","og_url":"https:\/\/www.campingcaladostia.com\/de\/","og_site_name":"Camping Cala d&#039;Ostia","article_modified_time":"2025-03-07T20:06:44+00:00","og_image":[{"url":"https:\/\/www.campingcaladostia.com\/wp-content\/uploads\/2025\/02\/area-archeologica-di-nora-3-1.jpg","type":"","width":"","height":""}],"twitter_card":"summary_large_image","twitter_misc":{"Gesch\u00e4tzte Lesezeit":"2\u00a0Minuten"},"schema":{"@context":"https:\/\/schema.org","@graph":[{"@type":"WebPage","@id":"https:\/\/www.campingcaladostia.com\/de\/","url":"https:\/\/www.campingcaladostia.com\/de\/","name":"Camping in Sardinien - Camping Cala d'Ostia","isPartOf":{"@id":"https:\/\/www.campingcaladostia.com\/de\/#website"},"primaryImageOfPage":{"@id":"https:\/\/www.campingcaladostia.com\/de\/#primaryimage"},"image":{"@id":"https:\/\/www.campingcaladostia.com\/de\/#primaryimage"},"thumbnailUrl":"https:\/\/www.campingcaladostia.com\/wp-content\/uploads\/2025\/02\/area-archeologica-di-nora-3-1.jpg","datePublished":"2016-02-19T00:02:29+00:00","dateModified":"2025-03-07T20:06:44+00:00","description":"Meer, Sonne, Strand, Berge, Arch\u00e4ologie und Komfort in Sardinien gleichzeitig erleben?","breadcrumb":{"@id":"https:\/\/www.campingcaladostia.com\/de\/#breadcrumb"},"inLanguage":"de","potentialAction":[{"@type":"ReadAction","target":["https:\/\/www.campingcaladostia.com\/de\/"]}]},{"@type":"ImageObject","inLanguage":"de","@id":"https:\/\/www.campingcaladostia.com\/de\/#primaryimage","url":"https:\/\/www.campingcaladostia.com\/wp-content\/uploads\/2025\/02\/area-archeologica-di-nora-3-1.jpg","contentUrl":"https:\/\/www.campingcaladostia.com\/wp-content\/uploads\/2025\/02\/area-archeologica-di-nora-3-1.jpg"},{"@type":"BreadcrumbList","@id":"https:\/\/www.campingcaladostia.com\/de\/#breadcrumb","itemListElement":[{"@type":"ListItem","position":1,"name":"Home","item":"https:\/\/www.campingcaladostia.com\/de\/"},{"@type":"ListItem","position":2,"name":"Homepage"}]},{"@type":"WebSite","@id":"https:\/\/www.campingcaladostia.com\/de\/#website","url":"https:\/\/www.campingcaladostia.com\/de\/","name":"Camping Cala d&#039;Ostia","description":"Campeggio Sardegna sul mare a Pula","potentialAction":[{"@type":"SearchAction","target":{"@type":"EntryPoint","urlTemplate":"https:\/\/www.campingcaladostia.com\/de\/?s={search_term_string}"},"query-input":{"@type":"PropertyValueSpecification","valueRequired":true,"valueName":"search_term_string"}}],"inLanguage":"de"}]}},"_links":{"self":[{"href":"https:\/\/www.campingcaladostia.com\/de\/wp-json\/wp\/v2\/pages\/560","targetHints":{"allow":["GET"]}}],"collection":[{"href":"https:\/\/www.campingcaladostia.com\/de\/wp-json\/wp\/v2\/pages"}],"about":[{"href":"https:\/\/www.campingcaladostia.com\/de\/wp-json\/wp\/v2\/types\/page"}],"author":[{"embeddable":true,"href":"https:\/\/www.campingcaladostia.com\/de\/wp-json\/wp\/v2\/users\/1"}],"replies":[{"embeddable":true,"href":"https:\/\/www.campingcaladostia.com\/de\/wp-json\/wp\/v2\/comments?post=560"}],"version-history":[{"count":59,"href":"https:\/\/www.campingcaladostia.com\/de\/wp-json\/wp\/v2\/pages\/560\/revisions"}],"predecessor-version":[{"id":5213,"href":"https:\/\/www.campingcaladostia.com\/de\/wp-json\/wp\/v2\/pages\/560\/revisions\/5213"}],"wp:attachment":[{"href":"https:\/\/www.campingcaladostia.com\/de\/wp-json\/wp\/v2\/media?parent=560"}],"curies":[{"name":"wp","href":"https:\/\/api.w.org\/{rel}","templated":true}]}}