{"id":4900,"date":"2025-02-11T16:00:30","date_gmt":"2025-02-11T15:00:30","guid":{"rendered":"https:\/\/campingcaladostia.eribertocaria.com\/sistemazioni\/"},"modified":"2025-03-06T20:11:39","modified_gmt":"2025-03-06T19:11:39","slug":"unterkuenfte","status":"publish","type":"page","link":"https:\/\/www.campingcaladostia.com\/de\/unterkuenfte\/","title":{"rendered":"Unterk\u00fcnfte"},"content":{"rendered":"\n<div class=\"wp-block-group block_1\"><div class=\"wp-block-group__inner-container is-layout-constrained wp-block-group-is-layout-constrained\">\n<div class=\"wp-block-cover is-light\"><span aria-hidden=\"true\" class=\"wp-block-cover__background has-background-dim-0 has-background-dim\"><\/span><img loading=\"lazy\" decoding=\"async\" width=\"1920\" height=\"984\" class=\"wp-block-cover__image-background wp-image-4208\" alt=\"\" src=\"https:\/\/www.campingcaladostia.com\/wp-content\/uploads\/2025\/02\/valencia-city-in-spain-2023-11-27-05-27-54-utc-14.jpg\" data-object-fit=\"cover\"\/><div class=\"wp-block-cover__inner-container is-layout-constrained wp-block-cover-is-layout-constrained\">\n<h1 class=\"wp-block-heading has-text-align-center has-large-font-size\">Unterk\u00fcnfte<\/h1>\n<\/div><\/div>\n\n\n        <div class=\"prenota form-prenota\">\n            <div id=\"mysearchengine\" class=\"mgc-container mgc-wide\">&nbsp;<\/div>\n            <div class=\"aviso_agosto\">\n                                    Vom 1 bis 25 August werden Buchungen nur f\u00fcr mindestens 7 N\u00e4chte akzeptiert.\n                            <\/div>\n        <\/div>\n        \n<\/div><\/div>\n\n\n\n<div class=\"wp-block-group block_2\"><div class=\"wp-block-group__inner-container is-layout-constrained wp-block-group-is-layout-constrained\">\n<div class=\"wp-block-columns is-layout-flex wp-container-core-columns-is-layout-9d6595d7 wp-block-columns-is-layout-flex\">\n<div class=\"wp-block-column left is-layout-flow wp-block-column-is-layout-flow\">\n<h2 class=\"wp-block-heading\">Unser Campingplatz am Meer in Pula im S\u00fcden Sardiniens bietet ideale Unterk\u00fcnfte f\u00fcr jede Art von Aufenthalt.<\/h2>\n<\/div>\n\n\n\n<div class=\"wp-block-column right is-layout-flow wp-block-column-is-layout-flow\">\n<p>Der Campingplatz Cala d&#8217;Ostia bietet verschiedene Unterkunftsm\u00f6glichkeiten f\u00fcr jede Art von Urlaub. Die Stellpl\u00e4tze sind ger\u00e4umig und gut ausgestattet, ideal f\u00fcr diejenigen, die mit Wohnmobilen, Wohnwagen oder Zelten anreisen. Jeder Stellplatz verf\u00fcgt \u00fcber einen Lichtanschluss, einen Camper-Service und die M\u00f6glichkeit, einen schattigen Bereich zu genie\u00dfen. Damit ist der Campingplatz ideal f\u00fcr diejenigen, die einen einfachen Urlaub in direktem Kontakt mit der Natur verbringen m\u00f6chten.<\/p>\n\n\n\n<p>F\u00fcr diejenigen, die eine komfortablere L\u00f6sung suchen, bietet der Campingplatz Mietwohnwagen an. Die Wohnwagen sind ideal f\u00fcr Familien oder Gruppen von Freunden und verf\u00fcgen \u00fcber alle notwendigen Annehmlichkeiten f\u00fcr einen entspannten Aufenthalt. Alternativ dazu gibt es die modernen, voll ausgestatteten Mobilheime, die ideal f\u00fcr diejenigen sind, die mehr Privatsph\u00e4re und Platz suchen. Jedes Mobilheim ist mit einer K\u00fcche, einem Bad und einem Wohnbereich ausgestattet und bietet maximalen Komfort f\u00fcr alle, die nicht auf einen Urlaub in der Natur verzichten m\u00f6chten.<\/p>\n\n\n\n<p>Unabh\u00e4ngig von der Wahl des Mobilheims befindet sich jede Unterkunft in einer ruhigen und gr\u00fcnen Umgebung, nur wenige Schritte vom Meer entfernt, und garantiert somit absolute Entspannung. Der Campingplatz Cala d&#8217;Ostia ist das ideale Ziel f\u00fcr alle, die eine authentische Erfahrung auf Sardinien suchen.<\/p>\n<\/div>\n<\/div>\n<\/div><\/div>\n\n\n\n<div class=\"wp-block-group block_3\"><div class=\"wp-block-group__inner-container is-layout-constrained wp-block-group-is-layout-constrained\">\n<div class=\"wp-block-group accommodation_list\"><div class=\"wp-block-group__inner-container is-layout-constrained wp-block-group-is-layout-constrained\">\n<div class=\"wp-block-columns is-layout-flex wp-container-core-columns-is-layout-9d6595d7 wp-block-columns-is-layout-flex\">\n<div class=\"wp-block-column is-layout-flow wp-block-column-is-layout-flow\">\n<figure class=\"wp-block-image size-full image\"><a href=\"https:\/\/www.campingcaladostia.com\/de\/unterkuenfte\/stellplaetze-fuer-zelte\/\"><img loading=\"lazy\" decoding=\"async\" width=\"1125\" height=\"956\" src=\"https:\/\/www.campingcaladostia.com\/wp-content\/uploads\/2025\/02\/case-mobili-6-2.jpg\" alt=\"\" class=\"wp-image-4067\"\/><\/a><\/figure>\n\n\n\n<h2 class=\"wp-block-heading\"><a href=\"https:\/\/www.campingcaladostia.com\/de\/unterkuenfte\/stellplaetze-fuer-zelte\/\">Stellpl\u00e4tze <br>f\u00fcr Zelte<\/a><\/h2>\n\n\n\n<figure class=\"wp-block-image size-full arrow\"><a href=\"https:\/\/www.campingcaladostia.com\/de\/unterkuenfte\/stellplaetze-fuer-zelte\/\"><img decoding=\"async\" src=\"https:\/\/www.campingcaladostia.com\/wp-content\/uploads\/2025\/02\/yellow-arrow.svg\" alt=\"\" class=\"wp-image-4324\"\/><\/a><\/figure>\n<\/div>\n\n\n\n<div class=\"wp-block-column is-layout-flow wp-block-column-is-layout-flow\">\n<figure class=\"wp-block-image size-full image\"><a href=\"https:\/\/www.campingcaladostia.com\/de\/unterkuenfte\/stellplaetze-fuer-wohnmobile-und-wohnwagen\/\"><img loading=\"lazy\" decoding=\"async\" width=\"1125\" height=\"956\" src=\"https:\/\/www.campingcaladostia.com\/wp-content\/uploads\/2025\/02\/case-mobili-6-3.jpg\" alt=\"\" class=\"wp-image-4071\"\/><\/a><\/figure>\n\n\n\n<h2 class=\"wp-block-heading\"><a href=\"https:\/\/www.campingcaladostia.com\/de\/unterkuenfte\/stellplaetze-fuer-wohnmobile-und-wohnwagen\/\">Stellpl\u00e4tze f\u00fcr <br>Wohnmobile <br>und Wohnwagen<\/a><\/h2>\n\n\n\n<figure class=\"wp-block-image size-full arrow\"><a href=\"https:\/\/www.campingcaladostia.com\/de\/unterkuenfte\/stellplaetze-fuer-wohnmobile-und-wohnwagen\/\"><img decoding=\"async\" src=\"https:\/\/www.campingcaladostia.com\/wp-content\/uploads\/2025\/02\/yellow-arrow-1.svg\" alt=\"\" class=\"wp-image-4327\"\/><\/a><\/figure>\n<\/div>\n<\/div>\n\n\n\n<div class=\"wp-block-columns is-layout-flex wp-container-core-columns-is-layout-9d6595d7 wp-block-columns-is-layout-flex\">\n<div class=\"wp-block-column is-layout-flow wp-block-column-is-layout-flow\">\n<figure class=\"wp-block-image size-full image\"><a href=\"https:\/\/www.campingcaladostia.com\/de\/unterkuenfte\/wohnwagen-vermietung\/\"><img loading=\"lazy\" decoding=\"async\" width=\"1125\" height=\"956\" src=\"https:\/\/www.campingcaladostia.com\/wp-content\/uploads\/2025\/02\/case-mobili-6-4.jpg\" alt=\"\" class=\"wp-image-4075\"\/><\/a><\/figure>\n\n\n\n<h2 class=\"wp-block-heading\"><a href=\"https:\/\/www.campingcaladostia.com\/de\/unterkuenfte\/wohnwagen-vermietung\/\">Wohnwagen <br>Vermietung<\/a><\/h2>\n\n\n\n<figure class=\"wp-block-image size-full arrow\"><a href=\"https:\/\/www.campingcaladostia.com\/de\/unterkuenfte\/wohnwagen-vermietung\/\"><img decoding=\"async\" src=\"https:\/\/www.campingcaladostia.com\/wp-content\/uploads\/2025\/02\/yellow-arrow-2.svg\" alt=\"\" class=\"wp-image-4330\"\/><\/a><\/figure>\n<\/div>\n\n\n\n<div class=\"wp-block-column is-layout-flow wp-block-column-is-layout-flow\">\n<figure class=\"wp-block-image size-full image\"><img loading=\"lazy\" decoding=\"async\" width=\"1125\" height=\"956\" src=\"https:\/\/www.campingcaladostia.com\/wp-content\/uploads\/2025\/02\/case-mobili-4.jpg\" alt=\"\" class=\"wp-image-5547\"\/><\/figure>\n\n\n\n<h2 class=\"wp-block-heading\"><a href=\"https:\/\/www.campingcaladostia.com\/de\/unterkuenfte\/mobilheime\/\">Mobilheime<\/a><\/h2>\n\n\n\n<figure class=\"wp-block-image size-full arrow\"><a href=\"https:\/\/www.campingcaladostia.com\/de\/unterkuenfte\/mobilheime\/\"><img decoding=\"async\" src=\"https:\/\/www.campingcaladostia.com\/wp-content\/uploads\/2025\/02\/yellow-arrow-3.svg\" alt=\"\" class=\"wp-image-4333\"\/><\/a><\/figure>\n<\/div>\n<\/div>\n<\/div><\/div>\n<\/div><\/div>\n\n\n\n<div class=\"wp-block-group block_4\"><div class=\"wp-block-group__inner-container is-layout-constrained wp-block-group-is-layout-constrained\">\n<div class=\"wp-block-group call_to_action_galleria\"><div class=\"wp-block-group__inner-container is-layout-constrained wp-block-group-is-layout-constrained\">\n<figure class=\"wp-block-image size-full\"><img loading=\"lazy\" decoding=\"async\" width=\"716\" height=\"640\" src=\"https:\/\/www.campingcaladostia.com\/wp-content\/uploads\/2025\/02\/Group-2782.png\" alt=\"\" class=\"wp-image-4127\"\/><\/figure>\n\n\n\n<p>Galerie\u00a0des campingplatzes und der umgebung<\/p>\n\n\n\n<div class=\"wp-block-buttons is-layout-flex wp-block-buttons-is-layout-flex\">\n<div class=\"wp-block-button\"><a class=\"wp-block-button__link wp-element-button\" href=\"https:\/\/www.campingcaladostia.com\/de\/galerie\/\">Siehe die gallerie<\/a><\/div>\n<\/div>\n<\/div><\/div>\n<\/div><\/div>\n\n\n\n<div class=\"wp-block-group block_5\"><div class=\"wp-block-group__inner-container is-layout-constrained wp-block-group-is-layout-constrained\">\n<div class=\"wp-block-group nostri_partners\"><div class=\"wp-block-group__inner-container is-layout-constrained wp-block-group-is-layout-constrained\">\n<h2 class=\"wp-block-heading\">Unsere&nbsp;Partner<\/h2>\n\n\n\n<div class=\"wp-block-group images swiper-container\"><div class=\"wp-block-group__inner-container is-layout-constrained wp-block-group-is-layout-constrained\">\n<figure class=\"wp-block-image size-full \u00ecmage_1 swiper-slide\"><img loading=\"lazy\" decoding=\"async\" width=\"366\" height=\"316\" src=\"https:\/\/www.campingcaladostia.com\/wp-content\/uploads\/2019\/03\/logo-tripadvisor.png\" alt=\"\" class=\"wp-image-3344\"\/><\/figure>\n\n\n\n<figure class=\"wp-block-image size-full \u00ecmage_2 swiper-slide\"><img loading=\"lazy\" decoding=\"async\" width=\"366\" height=\"316\" src=\"https:\/\/www.campingcaladostia.com\/wp-content\/uploads\/2019\/03\/logo-koobcamp.png\" alt=\"\" class=\"wp-image-3341\"\/><\/figure>\n\n\n\n<figure class=\"wp-block-image size-full \u00ecmage_3 swiper-slide\"><img loading=\"lazy\" decoding=\"async\" width=\"365\" height=\"316\" src=\"https:\/\/www.campingcaladostia.com\/wp-content\/uploads\/2019\/03\/logo-grimaldi-lines.png\" alt=\"\" class=\"wp-image-3338\"\/><\/figure>\n\n\n\n<figure class=\"wp-block-image size-full \u00ecmage_4 swiper-slide\"><img loading=\"lazy\" decoding=\"async\" width=\"366\" height=\"316\" src=\"https:\/\/www.campingcaladostia.com\/wp-content\/uploads\/2019\/03\/logo-faita-federcamping-1.png\" alt=\"\" class=\"wp-image-3354\"\/><\/figure>\n\n\n\n<figure class=\"wp-block-image size-full \u00ecmage_5 swiper-slide\"><img loading=\"lazy\" decoding=\"async\" width=\"366\" height=\"316\" src=\"https:\/\/www.campingcaladostia.com\/wp-content\/uploads\/2019\/03\/logo-corsica-sardinia-ferries.png\" alt=\"\" class=\"wp-image-3332\"\/><\/figure>\n\n\n\n<figure class=\"wp-block-image size-full \u00ecmage_6 swiper-slide\"><img loading=\"lazy\" decoding=\"async\" width=\"366\" height=\"316\" src=\"https:\/\/www.campingcaladostia.com\/wp-content\/uploads\/2019\/03\/logo-camperisti-sardi.png\" alt=\"\" class=\"wp-image-3329\"\/><\/figure>\n\n\n\n<figure class=\"wp-block-image size-full \u00ecmage_7 swiper-slide\"><img loading=\"lazy\" decoding=\"async\" width=\"366\" height=\"316\" src=\"https:\/\/www.campingcaladostia.com\/wp-content\/uploads\/2019\/03\/logo-booking-com.png\" alt=\"\" class=\"wp-image-3326\"\/><\/figure>\n<\/div><\/div>\n<\/div><\/div>\n<\/div><\/div>\n","protected":false},"excerpt":{"rendered":"<p>Unser Campingplatz am Meer in Pula im S\u00fcden Sardiniens bietet ideale Unterk\u00fcnfte f\u00fcr jede Art von Aufenthalt. Der Campingplatz Cala d&#8217;Ostia bietet verschiedene Unterkunftsm\u00f6glichkeiten f\u00fcr jede Art von Urlaub. Die Stellpl\u00e4tze sind ger\u00e4umig und gut ausgestattet, ideal f\u00fcr diejenigen, die mit Wohnmobilen, Wohnwagen oder Zelten anreisen. Jeder Stellplatz verf\u00fcgt \u00fcber einen Lichtanschluss, einen Camper-Service und [&hellip;]<\/p>\n","protected":false},"author":1,"featured_media":0,"parent":0,"menu_order":0,"comment_status":"closed","ping_status":"closed","template":"fullwith-without-title.php","meta":{"footnotes":""},"class_list":["post-4900","page","type-page","status-publish","hentry"],"yoast_head":"<!-- This site is optimized with the Yoast SEO plugin v27.1.1 - https:\/\/yoast.com\/product\/yoast-seo-wordpress\/ -->\n<title>Unterk\u00fcnfte - Camping Cala d&#039;Ostia<\/title>\n<meta name=\"robots\" content=\"index, follow, max-snippet:-1, max-image-preview:large, max-video-preview:-1\" \/>\n<link rel=\"canonical\" href=\"https:\/\/www.campingcaladostia.com\/de\/unterkuenfte\/\" \/>\n<meta property=\"og:locale\" content=\"de_DE\" \/>\n<meta property=\"og:type\" content=\"article\" \/>\n<meta property=\"og:title\" content=\"Unterk\u00fcnfte - Camping Cala d&#039;Ostia\" \/>\n<meta property=\"og:description\" content=\"Unser Campingplatz am Meer in Pula im S\u00fcden Sardiniens bietet ideale Unterk\u00fcnfte f\u00fcr jede Art von Aufenthalt. Der Campingplatz Cala d&#8217;Ostia bietet verschiedene Unterkunftsm\u00f6glichkeiten f\u00fcr jede Art von Urlaub. Die Stellpl\u00e4tze sind ger\u00e4umig und gut ausgestattet, ideal f\u00fcr diejenigen, die mit Wohnmobilen, Wohnwagen oder Zelten anreisen. Jeder Stellplatz verf\u00fcgt \u00fcber einen Lichtanschluss, einen Camper-Service und [&hellip;]\" \/>\n<meta property=\"og:url\" content=\"https:\/\/www.campingcaladostia.com\/de\/unterkuenfte\/\" \/>\n<meta property=\"og:site_name\" content=\"Camping Cala d&#039;Ostia\" \/>\n<meta property=\"article:modified_time\" content=\"2025-03-06T19:11:39+00:00\" \/>\n<meta property=\"og:image\" content=\"https:\/\/www.campingcaladostia.com\/wp-content\/uploads\/2025\/02\/valencia-city-in-spain-2023-11-27-05-27-54-utc-14.jpg\" \/>\n\t<meta property=\"og:image:width\" content=\"1920\" \/>\n\t<meta property=\"og:image:height\" content=\"984\" \/>\n\t<meta property=\"og:image:type\" content=\"image\/jpeg\" \/>\n<meta name=\"twitter:card\" content=\"summary_large_image\" \/>\n<script type=\"application\/ld+json\" class=\"yoast-schema-graph\">{\"@context\":\"https:\/\/schema.org\",\"@graph\":[{\"@type\":\"WebPage\",\"@id\":\"https:\/\/www.campingcaladostia.com\/de\/unterkuenfte\/\",\"url\":\"https:\/\/www.campingcaladostia.com\/de\/unterkuenfte\/\",\"name\":\"Unterk\u00fcnfte - Camping Cala d&#039;Ostia\",\"isPartOf\":{\"@id\":\"https:\/\/www.campingcaladostia.com\/de\/#website\"},\"primaryImageOfPage\":{\"@id\":\"https:\/\/www.campingcaladostia.com\/de\/unterkuenfte\/#primaryimage\"},\"image\":{\"@id\":\"https:\/\/www.campingcaladostia.com\/de\/unterkuenfte\/#primaryimage\"},\"thumbnailUrl\":\"https:\/\/www.campingcaladostia.com\/wp-content\/uploads\/2025\/02\/valencia-city-in-spain-2023-11-27-05-27-54-utc-14.jpg\",\"datePublished\":\"2025-02-11T15:00:30+00:00\",\"dateModified\":\"2025-03-06T19:11:39+00:00\",\"breadcrumb\":{\"@id\":\"https:\/\/www.campingcaladostia.com\/de\/unterkuenfte\/#breadcrumb\"},\"inLanguage\":\"de\",\"potentialAction\":[{\"@type\":\"ReadAction\",\"target\":[\"https:\/\/www.campingcaladostia.com\/de\/unterkuenfte\/\"]}]},{\"@type\":\"ImageObject\",\"inLanguage\":\"de\",\"@id\":\"https:\/\/www.campingcaladostia.com\/de\/unterkuenfte\/#primaryimage\",\"url\":\"https:\/\/www.campingcaladostia.com\/wp-content\/uploads\/2025\/02\/valencia-city-in-spain-2023-11-27-05-27-54-utc-14.jpg\",\"contentUrl\":\"https:\/\/www.campingcaladostia.com\/wp-content\/uploads\/2025\/02\/valencia-city-in-spain-2023-11-27-05-27-54-utc-14.jpg\"},{\"@type\":\"BreadcrumbList\",\"@id\":\"https:\/\/www.campingcaladostia.com\/de\/unterkuenfte\/#breadcrumb\",\"itemListElement\":[{\"@type\":\"ListItem\",\"position\":1,\"name\":\"Home\",\"item\":\"https:\/\/www.campingcaladostia.com\/de\/\"},{\"@type\":\"ListItem\",\"position\":2,\"name\":\"Unterk\u00fcnfte\"}]},{\"@type\":\"WebSite\",\"@id\":\"https:\/\/www.campingcaladostia.com\/de\/#website\",\"url\":\"https:\/\/www.campingcaladostia.com\/de\/\",\"name\":\"Camping Cala d&#039;Ostia\",\"description\":\"Campeggio Sardegna sul mare a Pula\",\"potentialAction\":[{\"@type\":\"SearchAction\",\"target\":{\"@type\":\"EntryPoint\",\"urlTemplate\":\"https:\/\/www.campingcaladostia.com\/de\/?s={search_term_string}\"},\"query-input\":{\"@type\":\"PropertyValueSpecification\",\"valueRequired\":true,\"valueName\":\"search_term_string\"}}],\"inLanguage\":\"de\"}]}<\/script>\n<!-- \/ Yoast SEO plugin. -->","yoast_head_json":{"title":"Unterk\u00fcnfte - Camping Cala d&#039;Ostia","robots":{"index":"index","follow":"follow","max-snippet":"max-snippet:-1","max-image-preview":"max-image-preview:large","max-video-preview":"max-video-preview:-1"},"canonical":"https:\/\/www.campingcaladostia.com\/de\/unterkuenfte\/","og_locale":"de_DE","og_type":"article","og_title":"Unterk\u00fcnfte - Camping Cala d&#039;Ostia","og_description":"Unser Campingplatz am Meer in Pula im S\u00fcden Sardiniens bietet ideale Unterk\u00fcnfte f\u00fcr jede Art von Aufenthalt. Der Campingplatz Cala d&#8217;Ostia bietet verschiedene Unterkunftsm\u00f6glichkeiten f\u00fcr jede Art von Urlaub. Die Stellpl\u00e4tze sind ger\u00e4umig und gut ausgestattet, ideal f\u00fcr diejenigen, die mit Wohnmobilen, Wohnwagen oder Zelten anreisen. Jeder Stellplatz verf\u00fcgt \u00fcber einen Lichtanschluss, einen Camper-Service und [&hellip;]","og_url":"https:\/\/www.campingcaladostia.com\/de\/unterkuenfte\/","og_site_name":"Camping Cala d&#039;Ostia","article_modified_time":"2025-03-06T19:11:39+00:00","og_image":[{"width":1920,"height":984,"url":"https:\/\/www.campingcaladostia.com\/wp-content\/uploads\/2025\/02\/valencia-city-in-spain-2023-11-27-05-27-54-utc-14.jpg","type":"image\/jpeg"}],"twitter_card":"summary_large_image","schema":{"@context":"https:\/\/schema.org","@graph":[{"@type":"WebPage","@id":"https:\/\/www.campingcaladostia.com\/de\/unterkuenfte\/","url":"https:\/\/www.campingcaladostia.com\/de\/unterkuenfte\/","name":"Unterk\u00fcnfte - Camping Cala d&#039;Ostia","isPartOf":{"@id":"https:\/\/www.campingcaladostia.com\/de\/#website"},"primaryImageOfPage":{"@id":"https:\/\/www.campingcaladostia.com\/de\/unterkuenfte\/#primaryimage"},"image":{"@id":"https:\/\/www.campingcaladostia.com\/de\/unterkuenfte\/#primaryimage"},"thumbnailUrl":"https:\/\/www.campingcaladostia.com\/wp-content\/uploads\/2025\/02\/valencia-city-in-spain-2023-11-27-05-27-54-utc-14.jpg","datePublished":"2025-02-11T15:00:30+00:00","dateModified":"2025-03-06T19:11:39+00:00","breadcrumb":{"@id":"https:\/\/www.campingcaladostia.com\/de\/unterkuenfte\/#breadcrumb"},"inLanguage":"de","potentialAction":[{"@type":"ReadAction","target":["https:\/\/www.campingcaladostia.com\/de\/unterkuenfte\/"]}]},{"@type":"ImageObject","inLanguage":"de","@id":"https:\/\/www.campingcaladostia.com\/de\/unterkuenfte\/#primaryimage","url":"https:\/\/www.campingcaladostia.com\/wp-content\/uploads\/2025\/02\/valencia-city-in-spain-2023-11-27-05-27-54-utc-14.jpg","contentUrl":"https:\/\/www.campingcaladostia.com\/wp-content\/uploads\/2025\/02\/valencia-city-in-spain-2023-11-27-05-27-54-utc-14.jpg"},{"@type":"BreadcrumbList","@id":"https:\/\/www.campingcaladostia.com\/de\/unterkuenfte\/#breadcrumb","itemListElement":[{"@type":"ListItem","position":1,"name":"Home","item":"https:\/\/www.campingcaladostia.com\/de\/"},{"@type":"ListItem","position":2,"name":"Unterk\u00fcnfte"}]},{"@type":"WebSite","@id":"https:\/\/www.campingcaladostia.com\/de\/#website","url":"https:\/\/www.campingcaladostia.com\/de\/","name":"Camping Cala d&#039;Ostia","description":"Campeggio Sardegna sul mare a Pula","potentialAction":[{"@type":"SearchAction","target":{"@type":"EntryPoint","urlTemplate":"https:\/\/www.campingcaladostia.com\/de\/?s={search_term_string}"},"query-input":{"@type":"PropertyValueSpecification","valueRequired":true,"valueName":"search_term_string"}}],"inLanguage":"de"}]}},"_links":{"self":[{"href":"https:\/\/www.campingcaladostia.com\/de\/wp-json\/wp\/v2\/pages\/4900","targetHints":{"allow":["GET"]}}],"collection":[{"href":"https:\/\/www.campingcaladostia.com\/de\/wp-json\/wp\/v2\/pages"}],"about":[{"href":"https:\/\/www.campingcaladostia.com\/de\/wp-json\/wp\/v2\/types\/page"}],"author":[{"embeddable":true,"href":"https:\/\/www.campingcaladostia.com\/de\/wp-json\/wp\/v2\/users\/1"}],"replies":[{"embeddable":true,"href":"https:\/\/www.campingcaladostia.com\/de\/wp-json\/wp\/v2\/comments?post=4900"}],"version-history":[{"count":4,"href":"https:\/\/www.campingcaladostia.com\/de\/wp-json\/wp\/v2\/pages\/4900\/revisions"}],"predecessor-version":[{"id":5400,"href":"https:\/\/www.campingcaladostia.com\/de\/wp-json\/wp\/v2\/pages\/4900\/revisions\/5400"}],"wp:attachment":[{"href":"https:\/\/www.campingcaladostia.com\/de\/wp-json\/wp\/v2\/media?parent=4900"}],"curies":[{"name":"wp","href":"https:\/\/api.w.org\/{rel}","templated":true}]}}