{"id":1808,"date":"2016-02-23T09:53:46","date_gmt":"2016-02-23T08:53:46","guid":{"rendered":"http:\/\/www.campingcaladostia.com\/de\/politica-sulla-privacy\/"},"modified":"2019-04-16T18:51:05","modified_gmt":"2019-04-16T16:51:05","slug":"datenschutzbestimmungen","status":"publish","type":"page","link":"https:\/\/www.campingcaladostia.com\/de\/datenschutzbestimmungen\/","title":{"rendered":"Datenschutzbestimmungen"},"content":{"rendered":"<h2 lang=\"de-DE\">Datenschutzerkl\u00e4rung f\u00fcr KUNDEN<br \/>\n(gem\u00e4\u00df Art. 13 der Verordnung (EU) 2016\/679)<\/h2>\n<p lang=\"de-DE\">DER GESETZLICHER VERTRETER gem\u00e4\u00df Artikeln 4 und 24 der EU-Verordnung 2016\/679 ist die COP.TUR: Societ\u00e0 Cooperativa a.r.l. Campingplatz Cala D&#8217;Ostia mit Sitz in S. Margherita di Pula, USt-IdNr 01032550921 in der Person des Vorsitzenden Herr Raffaele Pisu, an den Sie sich wenden k\u00f6nnen, um Ihre in den Abschnitten 3 und 4 der Europ\u00e4ischen EU-Verordnung 2016\/679 festgelegten Rechte geltend zu machen.<\/p>\n<h2 lang=\"de-DE\">Zweck und berechtigungen der behandlung<\/h2>\n<p lang=\"de-DE\">Die erhobenen Daten werden im Falle von Arten pers\u00f6nlicher Art unter Einhaltung der gesetzlichen Bestimmungen gem\u00e4\u00df Art. 2 verarbeitet. 6 EU-Verordnung 2016\/679 f\u00fcr folgende Zwecke:<\/p>\n<p lang=\"de-DE\">a) Bereitstellung des angeforderten Dienstes<\/p>\n<p lang=\"de-DE\">b) steuerliche und rechtliche Verpflichtungen;<\/p>\n<p lang=\"de-DE\">c) Speicherung in Archiven und Datenbanken;<\/p>\n<p lang=\"de-DE\">d) Kommunikation \u00fcber E-Mail-Adresse oder Telefonnummer;<\/p>\n<p lang=\"de-DE\">e) Marketingaktivit\u00e4ten<\/p>\n<h2 lang=\"de-DE\">Personenbezogenen Daten erfasst:<\/h2>\n<p lang=\"de-DE\">Die mit seiner freien und ausdr\u00fccklichen Einwilligung erhobenen \/ \u00fcbermittelten personenbezogenen Daten beziehen sich ausschlie\u00dflich auf: &#8211; Identifikationsnachweis (spricht Name, Nachname, Adresse, Telefon, Fax, E-Mail usw.) &#8211; Steuerinformationen (falls Gesetzlich vorgeschrieben &#8211; z. B. steuerliche Identifikationsnummer, Umsatzsteuer-Identifikationsnummer usw. Die Behandlung der oben genannten Daten kann vor ihrer ausdr\u00fccklichen und spezifischen Einwilligung auch gesundheitsbezogene Daten betreffen (z. B. k\u00f6rperliche Behinderung, Lebensmittelunvertr\u00e4glichkeit), f\u00fcr die sie angefordert werden w\u00e4hrend der Buchungsphase eine bestimmte Art von Unterkunft oder Service.) In diesen F\u00e4llen beschr\u00e4nkt sich die Behandlung auf die Daten und Vorg\u00e4nge, die zur Erf\u00fcllung der Verpflichtungen, einschlie\u00dflich vorvertraglicher Verpflichtungen, im Zusammenhang mit der Erbringung der Leistung die Sie zum Zeitpunkt der Buchung oder w\u00e4hrend Ihres Aufenthalts in unserer Einrichtung angefragt haben.<\/p>\n<h2 lang=\"de-DE\">Bearbeitungsverfahren<\/h2>\n<p lang=\"de-DE\">Die Verarbeitung der Daten wird in automatisierter und \/ oder manueller Form mit Methoden und Bedingungen durchgef\u00fchrt, die ein H\u00f6chstma\u00df an Sicherheit und Vertraulichkeit gew\u00e4hrleisten sollen, und zwar durch speziell daf\u00fcr beauftragte Personen. In \u00dcbereinstimmung mit der Vorschriften: \u00a7 5 Absatz , Buchstabe e) der EU-Verordnung 2016\/679 werden die erhobenen personenbezogenen Daten in einer Form gespeichert, die die Identifizierung der betroffenen Personen f\u00fcr einen Zeitraum erm\u00f6glicht, der die Erreichung der Zwecke, zu denen die personenbezogenen Daten verarbeitet werden, nicht \u00fcberschreitet.<\/p>\n<p lang=\"de-DE\">Die Verarbeitung personenbezogener Daten erfolgt mittels der in der angegebenen Vorg\u00e4nge des Datenschutzgesetzes und zum \u00a7 4 n. 2) DSGVO und genauer: Sammlung, Aufzeichnung, Organisation, Speicherung, Beratung, Verarbeitung, \u00c4nderung, Auswahl, Extraktion, Vergleich, Verwendung, Zusammenschaltung, Sperrung, Kommunikation, L\u00f6schung und Vernichtung von Daten. Ihre pers\u00f6nlichen Daten unterliegen sowohl Papier als auch elektronischer und \/ oder automatisierter Verarbeitung. Der Datenverarbeiter verarbeitet personenbezogene Daten f\u00fcr die Zeit, die erforderlich ist, um die vorgenannten Zwecke zu erf\u00fcllen, und insbesondere 10 Jahre f\u00fcr rechtliche Verpflichtungen und 1 Jahr f\u00fcr die anderen unter Nummer 2 genannten Zwecke, mit Ausnahme der in Nummer 2 genannten Rechte Punkt 7 dieser Erkl\u00e4rung.<\/p>\n<h2 lang=\"de-DE\">Empf\u00e4nger oder zielgruppe<\/h2>\n<p lang=\"de-DE\">Die angegebenen pers\u00f6nlichen Daten k\u00f6nnen an Empf\u00e4nger \u00fcbermittelt werden, die gem\u00e4\u00df Art. 28 der EU-Verordnung 2016\/679, die die Daten als Verwalter und \/ oder als nat\u00fcrliche Person, die unter der Aufsicht des Datenverantwortlichen handelt, verarbeitet, um die entsprechenden Zwecke zu erf\u00fcllen. Die Verarbeitung personenbezogener Daten wird von Mitarbeiterinnen und Mitarbeitern \u00fcbertragen, die vom Datenschutzbeauftragter im Rahmen der Unternehmensfunktionen als befugt bezeichnet werden.<\/p>\n<h2 lang=\"de-DE\">Daten\u00fcbertragung an ein drittland und \/ oder internationale organisation<\/h2>\n<p lang=\"de-DE\">Personenbezogene Daten werden auf Servern in der Europ\u00e4ischen Union gespeichert. In jedem Fall wird davon ausgegangen, dass der Eigent\u00fcmer das Recht hat, die Server gegebenenfalls auch au\u00dferhalb der EU zu versetzen. In diesem Fall stellt der Datenschutzbeauftragte von nun an sicher, dass die Extra-EU-Daten unter Einhaltung der geltenden gesetzlichen Bestimmungen \u00fcbertragen werden, ausgenommen die Festlegung der von der Europ\u00e4ischen Kommission vorgesehenen Standardvertragsklauseln.<\/p>\n<h2 lang=\"de-DE\">Bestimmungsart und Widerrufsrecht<\/h2>\n<p lang=\"de-DE\">Die Bereitstellung personenbezogener Daten ist:<\/p>\n<p lang=\"de-DE\">ERFORDERLICH f\u00fcr: die Erbringung der gew\u00fcnschten Dienstleistungen, die steuerlichen und rechtlichen Verpflichtungen sowie die Aufbewahrung in Archiven und Datenbanken; Kommunikation per E-Mail-Adresse oder Telefonnummer<\/p>\n<p lang=\"de-DE\">OPTIONAL F\u00dcR: Marketingaktionen;<\/p>\n<h2 lang=\"de-DE\">Rechte der beteiligte<\/h2>\n<p lang=\"de-DE\">Als Betroffene k\u00f6nnen Sie jederzeit das Recht auf Auskunft, das Recht auf Berichtigung, das Widerrufsrecht (Art. 17 RGPD), das Recht auf Beschr\u00e4nkung der Behandlung, das Recht auf Daten\u00fcbertragung und das Recht auf Berichtigung aus\u00fcben. Dar\u00fcber hinaus kann der Beteiligte in der angegebenen Weise die oben genannten Artikeln widersprechen. F\u00fcr die Aus\u00fcbung der vorgenannten Rechte sowie f\u00fcr die weitere Information und Kommunikation \u00fcber seine eigenen Daten kann der Interessent Kontakt mir dem Anbieter aufnehmen und sich mit dem Rechtsberechtigen \u00fcber die oben angegebenen Kommunikationskan\u00e4le in Verbindung setzen.<\/p>\n<h2 lang=\"de-DE\">Widerrufsrecht<\/h2>\n<p lang=\"de-DE\">Unbeschadet sonstiger beh\u00f6rdlicher oder gerichtlicher Rechtsbehelfe hat der Betroffene, die der Ansicht ist, dass ihre Behandlung gegen die Verordnung (EU) 2016\/679 verst\u00f6\u00dft, das Recht, eine Beschwerde bei der Aufsichtsbeh\u00f6rde f\u00fcr den Schutz personenbezogener Daten einzulegen.<\/p>\n<h2>Cookies<\/h2>\n<p>Ein Teil dieser Webseite verwendet Cookies, das sind Textdateien, die von der Webseite auf Ihrem Computer gespeichert werden, um zu analysieren, wie die Nutzer die Seite verwenden und um Informationen zwischen dem Server und dem Benutzer auszutauschen.<\/p>\n<p>Diese Cookies rufen keine wichtigen Informationen ab. Sie erm\u00f6glichen die Automatisierung von komplexen Verfahren und sind eine wesentliche Unterst\u00fctzung f\u00fcr die reibungslose Funktion der Website.<\/p>\n<p>Die Cookies werden nur f\u00fcr die Dauer des Besuchs auf der Webseite hinterlegt und beim Beenden des Browsers wieder gel\u00f6scht. Sie rufen keine auf Ihrer Festplatte \u00fcber Sie gespeicherten Informationen ab und beeintr\u00e4chtigen nicht Ihre Privatsph\u00e4re, Ihren PC oder ihre Dateien.<\/p>\n<p>Wenn Sie damit nicht einverstanden sind, k\u00f6nnen Sie das Speichern von Cookies jedoch in Ihrem Browser deaktivieren. Dies k\u00f6nnte allerdings dazu f\u00fchren, dass die Navigation auf der Webseite nicht mehr reibungslos verl\u00e4uft.<\/p>\n<p>S\u00e4mtliche Daten, die wie oben beschrieben durch Cookies gesammelt und gespeichert werden, werden nicht an Dritte weitergegeben, es sei denn, dies ist f\u00fcr das reibungslose Funktionieren der Dienste notwendig, die auf der Website zur Verf\u00fcgung gestellt und von Dritten geliefert werden.<\/p>\n<p>Spezifische Informationen \u00fcber die Verwendung von Cookies f\u00fcr bestimmte Dienste sind in der Datenschutzrichtlinie beschrieben und werden weiter unten ausgef\u00fchrt.<\/p>\n","protected":false},"excerpt":{"rendered":"<p>Datenschutzerkl\u00e4rung f\u00fcr KUNDEN (gem\u00e4\u00df Art. 13 der Verordnung (EU) 2016\/679) DER GESETZLICHER VERTRETER gem\u00e4\u00df Artikeln 4 und 24 der EU-Verordnung 2016\/679 ist die COP.TUR: Societ\u00e0 Cooperativa a.r.l. Campingplatz Cala D&#8217;Ostia mit Sitz in S. Margherita di Pula, USt-IdNr 01032550921 in der Person des Vorsitzenden Herr Raffaele Pisu, an den Sie sich wenden k\u00f6nnen, um Ihre [&hellip;]<\/p>\n","protected":false},"author":1,"featured_media":0,"parent":0,"menu_order":0,"comment_status":"closed","ping_status":"closed","template":"legal-texts.php","meta":{"footnotes":""},"class_list":["post-1808","page","type-page","status-publish","hentry"],"yoast_head":"<!-- This site is optimized with the Yoast SEO plugin v27.1.1 - https:\/\/yoast.com\/product\/yoast-seo-wordpress\/ -->\n<title>Datenschutzbenimmungen - Camping Cala d&#039;Ostia<\/title>\n<meta name=\"description\" content=\"Ein Teil dieser Webseite verwendet Cookies, die von der Webseite auf Ihrem Computer gespeichert werden.\" \/>\n<meta name=\"robots\" content=\"index, follow, max-snippet:-1, max-image-preview:large, max-video-preview:-1\" \/>\n<link rel=\"canonical\" href=\"https:\/\/www.campingcaladostia.com\/de\/datenschutzbestimmungen\/\" \/>\n<meta property=\"og:locale\" content=\"de_DE\" \/>\n<meta property=\"og:type\" content=\"article\" \/>\n<meta property=\"og:title\" content=\"Datenschutzbenimmungen - Camping Cala d&#039;Ostia\" \/>\n<meta property=\"og:description\" content=\"Ein Teil dieser Webseite verwendet Cookies, die von der Webseite auf Ihrem Computer gespeichert werden.\" \/>\n<meta property=\"og:url\" content=\"https:\/\/www.campingcaladostia.com\/de\/datenschutzbestimmungen\/\" \/>\n<meta property=\"og:site_name\" content=\"Camping Cala d&#039;Ostia\" \/>\n<meta property=\"article:modified_time\" content=\"2019-04-16T16:51:05+00:00\" \/>\n<meta name=\"twitter:card\" content=\"summary_large_image\" \/>\n<meta name=\"twitter:label1\" content=\"Gesch\u00e4tzte Lesezeit\" \/>\n\t<meta name=\"twitter:data1\" content=\"5\u00a0Minuten\" \/>\n<script type=\"application\/ld+json\" class=\"yoast-schema-graph\">{\"@context\":\"https:\/\/schema.org\",\"@graph\":[{\"@type\":\"WebPage\",\"@id\":\"https:\/\/www.campingcaladostia.com\/de\/datenschutzbestimmungen\/\",\"url\":\"https:\/\/www.campingcaladostia.com\/de\/datenschutzbestimmungen\/\",\"name\":\"Datenschutzbenimmungen - Camping Cala d'Ostia\",\"isPartOf\":{\"@id\":\"https:\/\/www.campingcaladostia.com\/de\/#website\"},\"datePublished\":\"2016-02-23T08:53:46+00:00\",\"dateModified\":\"2019-04-16T16:51:05+00:00\",\"description\":\"Ein Teil dieser Webseite verwendet Cookies, die von der Webseite auf Ihrem Computer gespeichert werden.\",\"breadcrumb\":{\"@id\":\"https:\/\/www.campingcaladostia.com\/de\/datenschutzbestimmungen\/#breadcrumb\"},\"inLanguage\":\"de\",\"potentialAction\":[{\"@type\":\"ReadAction\",\"target\":[\"https:\/\/www.campingcaladostia.com\/de\/datenschutzbestimmungen\/\"]}]},{\"@type\":\"BreadcrumbList\",\"@id\":\"https:\/\/www.campingcaladostia.com\/de\/datenschutzbestimmungen\/#breadcrumb\",\"itemListElement\":[{\"@type\":\"ListItem\",\"position\":1,\"name\":\"Home\",\"item\":\"https:\/\/www.campingcaladostia.com\/de\/\"},{\"@type\":\"ListItem\",\"position\":2,\"name\":\"Datenschutzbestimmungen\"}]},{\"@type\":\"WebSite\",\"@id\":\"https:\/\/www.campingcaladostia.com\/de\/#website\",\"url\":\"https:\/\/www.campingcaladostia.com\/de\/\",\"name\":\"Camping Cala d&#039;Ostia\",\"description\":\"Campeggio Sardegna sul mare a Pula\",\"potentialAction\":[{\"@type\":\"SearchAction\",\"target\":{\"@type\":\"EntryPoint\",\"urlTemplate\":\"https:\/\/www.campingcaladostia.com\/de\/?s={search_term_string}\"},\"query-input\":{\"@type\":\"PropertyValueSpecification\",\"valueRequired\":true,\"valueName\":\"search_term_string\"}}],\"inLanguage\":\"de\"}]}<\/script>\n<!-- \/ Yoast SEO plugin. -->","yoast_head_json":{"title":"Datenschutzbenimmungen - Camping Cala d'Ostia","description":"Ein Teil dieser Webseite verwendet Cookies, die von der Webseite auf Ihrem Computer gespeichert werden.","robots":{"index":"index","follow":"follow","max-snippet":"max-snippet:-1","max-image-preview":"max-image-preview:large","max-video-preview":"max-video-preview:-1"},"canonical":"https:\/\/www.campingcaladostia.com\/de\/datenschutzbestimmungen\/","og_locale":"de_DE","og_type":"article","og_title":"Datenschutzbenimmungen - Camping Cala d'Ostia","og_description":"Ein Teil dieser Webseite verwendet Cookies, die von der Webseite auf Ihrem Computer gespeichert werden.","og_url":"https:\/\/www.campingcaladostia.com\/de\/datenschutzbestimmungen\/","og_site_name":"Camping Cala d&#039;Ostia","article_modified_time":"2019-04-16T16:51:05+00:00","twitter_card":"summary_large_image","twitter_misc":{"Gesch\u00e4tzte Lesezeit":"5\u00a0Minuten"},"schema":{"@context":"https:\/\/schema.org","@graph":[{"@type":"WebPage","@id":"https:\/\/www.campingcaladostia.com\/de\/datenschutzbestimmungen\/","url":"https:\/\/www.campingcaladostia.com\/de\/datenschutzbestimmungen\/","name":"Datenschutzbenimmungen - Camping Cala d'Ostia","isPartOf":{"@id":"https:\/\/www.campingcaladostia.com\/de\/#website"},"datePublished":"2016-02-23T08:53:46+00:00","dateModified":"2019-04-16T16:51:05+00:00","description":"Ein Teil dieser Webseite verwendet Cookies, die von der Webseite auf Ihrem Computer gespeichert werden.","breadcrumb":{"@id":"https:\/\/www.campingcaladostia.com\/de\/datenschutzbestimmungen\/#breadcrumb"},"inLanguage":"de","potentialAction":[{"@type":"ReadAction","target":["https:\/\/www.campingcaladostia.com\/de\/datenschutzbestimmungen\/"]}]},{"@type":"BreadcrumbList","@id":"https:\/\/www.campingcaladostia.com\/de\/datenschutzbestimmungen\/#breadcrumb","itemListElement":[{"@type":"ListItem","position":1,"name":"Home","item":"https:\/\/www.campingcaladostia.com\/de\/"},{"@type":"ListItem","position":2,"name":"Datenschutzbestimmungen"}]},{"@type":"WebSite","@id":"https:\/\/www.campingcaladostia.com\/de\/#website","url":"https:\/\/www.campingcaladostia.com\/de\/","name":"Camping Cala d&#039;Ostia","description":"Campeggio Sardegna sul mare a Pula","potentialAction":[{"@type":"SearchAction","target":{"@type":"EntryPoint","urlTemplate":"https:\/\/www.campingcaladostia.com\/de\/?s={search_term_string}"},"query-input":{"@type":"PropertyValueSpecification","valueRequired":true,"valueName":"search_term_string"}}],"inLanguage":"de"}]}},"_links":{"self":[{"href":"https:\/\/www.campingcaladostia.com\/de\/wp-json\/wp\/v2\/pages\/1808","targetHints":{"allow":["GET"]}}],"collection":[{"href":"https:\/\/www.campingcaladostia.com\/de\/wp-json\/wp\/v2\/pages"}],"about":[{"href":"https:\/\/www.campingcaladostia.com\/de\/wp-json\/wp\/v2\/types\/page"}],"author":[{"embeddable":true,"href":"https:\/\/www.campingcaladostia.com\/de\/wp-json\/wp\/v2\/users\/1"}],"replies":[{"embeddable":true,"href":"https:\/\/www.campingcaladostia.com\/de\/wp-json\/wp\/v2\/comments?post=1808"}],"version-history":[{"count":4,"href":"https:\/\/www.campingcaladostia.com\/de\/wp-json\/wp\/v2\/pages\/1808\/revisions"}],"predecessor-version":[{"id":3366,"href":"https:\/\/www.campingcaladostia.com\/de\/wp-json\/wp\/v2\/pages\/1808\/revisions\/3366"}],"wp:attachment":[{"href":"https:\/\/www.campingcaladostia.com\/de\/wp-json\/wp\/v2\/media?parent=1808"}],"curies":[{"name":"wp","href":"https:\/\/api.w.org\/{rel}","templated":true}]}}