{"id":1041,"date":"2016-02-25T10:28:36","date_gmt":"2016-02-25T09:28:36","guid":{"rendered":"http:\/\/www.campingcaladostia.com\/de\/mini-market\/"},"modified":"2025-03-04T16:36:54","modified_gmt":"2025-03-04T15:36:54","slug":"mini-markt","status":"publish","type":"page","link":"https:\/\/www.campingcaladostia.com\/de\/einrichtungen\/mini-markt\/","title":{"rendered":"Mini-Markt"},"content":{"rendered":"\n<div class=\"wp-block-group block_1\"><div class=\"wp-block-group__inner-container is-layout-constrained wp-block-group-is-layout-constrained\">\n<div class=\"wp-block-cover is-light\"><span aria-hidden=\"true\" class=\"wp-block-cover__background has-background-dim-0 has-background-dim\"><\/span><img loading=\"lazy\" decoding=\"async\" width=\"1920\" height=\"1280\" class=\"wp-block-cover__image-background wp-image-3028\" alt=\"\" src=\"https:\/\/www.campingcaladostia.com\/wp-content\/uploads\/2018\/04\/mini-market-2-camping-sardegna-pula.jpg\" data-object-fit=\"cover\"\/><div class=\"wp-block-cover__inner-container is-layout-constrained wp-block-cover-is-layout-constrained\">\n<h1 class=\"wp-block-heading has-text-align-center has-large-font-size\">Mini-Markt<\/h1>\n<\/div><\/div>\n\n\n        <div class=\"prenota form-prenota\">\n            <div id=\"mysearchengine\" class=\"mgc-container mgc-wide\">&nbsp;<\/div>\n            <div class=\"aviso_agosto\">\n                                    Vom 1 bis 25 August werden Buchungen nur f\u00fcr mindestens 7 N\u00e4chte akzeptiert.\n                            <\/div>\n        <\/div>\n        \n<\/div><\/div>\n\n\n\n<div class=\"wp-block-group block_2\"><div class=\"wp-block-group__inner-container is-layout-constrained wp-block-group-is-layout-constrained\">\n<div class=\"wp-block-columns is-layout-flex wp-container-core-columns-is-layout-9d6595d7 wp-block-columns-is-layout-flex\">\n<div class=\"wp-block-column right is-layout-flow wp-block-column-is-layout-flow\">\n<h2 class=\"wp-block-heading\">Lebensmittel, Hygieneartikel und Campingzubeh\u00f6r direkt vor Ihrer Haust\u00fcr.<\/h2>\n<\/div>\n\n\n\n<div class=\"wp-block-column left is-layout-flow wp-block-column-is-layout-flow\">\n<p>Auf dem Campingplatz Cala d\u2019Ostia gibt es auch einen <strong>Mini-Markt<\/strong>, wo Sie nicht nur eine ganze Reihe von Lebensmitteln kaufen k\u00f6nnen, sondern auch andere Dinge des t\u00e4glichen Bedarfs wie Hygiene- und K\u00f6rperpflegeprodukte.<\/p>\n\n\n\n<p>Im Mini-Markt von Cala d\u2019Ostia finden Sie au\u00dferdem einige n\u00fctzliche <strong>Produkte f\u00fcr den Campingurlaub<\/strong> \u2013 praktische Helfer, Werkzeuge und Wohnaccessoires. Damit k\u00f6nnen Sie Ihren Aufenthalt in Zelt oder Wohnwagen angenehmer gestalten und m\u00fcssen auf keine Annehmlichkeit verzichten. Falls Sie also etwas zu Hause vergessen haben oder ein wenig zus\u00e4tzlichen Komfort suchen, besuchen Sie den Mini-Markt auf dem Campingplatz, der nur wenige Schritte von den Stell- und Zeltpl\u00e4tzen entfernt ist.<\/p>\n<\/div>\n<\/div>\n<\/div><\/div>\n\n\n\n<div class=\"wp-block-group block_3\"><div class=\"wp-block-group__inner-container is-layout-constrained wp-block-group-is-layout-constrained\">\n<figure class=\"wp-block-image size-full\"><img loading=\"lazy\" decoding=\"async\" width=\"1920\" height=\"1280\" src=\"https:\/\/www.campingcaladostia.com\/wp-content\/uploads\/2018\/04\/mini-market-1-camping-sardegna-pula.jpg\" alt=\"\" class=\"wp-image-3031\"\/><\/figure>\n<\/div><\/div>\n\n\n\n<div class=\"wp-block-group block_4\"><div class=\"wp-block-group__inner-container is-layout-constrained wp-block-group-is-layout-constrained\">\n<div class=\"wp-block-group call_to_action_galleria\"><div class=\"wp-block-group__inner-container is-layout-constrained wp-block-group-is-layout-constrained\">\n<figure class=\"wp-block-image size-full\"><img loading=\"lazy\" decoding=\"async\" width=\"716\" height=\"640\" src=\"https:\/\/www.campingcaladostia.com\/wp-content\/uploads\/2025\/02\/Group-2782.png\" alt=\"\" class=\"wp-image-4127\"\/><\/figure>\n\n\n\n<p>Galerie\u00a0des campingplatzes und der umgebung<\/p>\n\n\n\n<div class=\"wp-block-buttons is-layout-flex wp-block-buttons-is-layout-flex\">\n<div class=\"wp-block-button\"><a class=\"wp-block-button__link wp-element-button\" href=\"https:\/\/www.campingcaladostia.com\/de\/galerie\/\">Siehe die gallerie<\/a><\/div>\n<\/div>\n<\/div><\/div>\n<\/div><\/div>\n\n\n\n<div class=\"wp-block-group block_5\"><div class=\"wp-block-group__inner-container is-layout-constrained wp-block-group-is-layout-constrained\">\n<div class=\"wp-block-group nostri_partners\"><div class=\"wp-block-group__inner-container is-layout-constrained wp-block-group-is-layout-constrained\">\n<h2 class=\"wp-block-heading\">Unsere&nbsp;Partner<\/h2>\n\n\n\n<div class=\"wp-block-group images swiper-container\"><div class=\"wp-block-group__inner-container is-layout-constrained wp-block-group-is-layout-constrained\">\n<figure class=\"wp-block-image size-full \u00ecmage_1 swiper-slide\"><img loading=\"lazy\" decoding=\"async\" width=\"366\" height=\"316\" src=\"https:\/\/www.campingcaladostia.com\/wp-content\/uploads\/2019\/03\/logo-tripadvisor.png\" alt=\"\" class=\"wp-image-3344\"\/><\/figure>\n\n\n\n<figure class=\"wp-block-image size-full \u00ecmage_2 swiper-slide\"><img loading=\"lazy\" decoding=\"async\" width=\"366\" height=\"316\" src=\"https:\/\/www.campingcaladostia.com\/wp-content\/uploads\/2019\/03\/logo-koobcamp.png\" alt=\"\" class=\"wp-image-3341\"\/><\/figure>\n\n\n\n<figure class=\"wp-block-image size-full \u00ecmage_3 swiper-slide\"><img loading=\"lazy\" decoding=\"async\" width=\"365\" height=\"316\" src=\"https:\/\/www.campingcaladostia.com\/wp-content\/uploads\/2019\/03\/logo-grimaldi-lines.png\" alt=\"\" class=\"wp-image-3338\"\/><\/figure>\n\n\n\n<figure class=\"wp-block-image size-full \u00ecmage_4 swiper-slide\"><img loading=\"lazy\" decoding=\"async\" width=\"366\" height=\"316\" src=\"https:\/\/www.campingcaladostia.com\/wp-content\/uploads\/2019\/03\/logo-faita-federcamping-1.png\" alt=\"\" class=\"wp-image-3354\"\/><\/figure>\n\n\n\n<figure class=\"wp-block-image size-full \u00ecmage_5 swiper-slide\"><img loading=\"lazy\" decoding=\"async\" width=\"366\" height=\"316\" src=\"https:\/\/www.campingcaladostia.com\/wp-content\/uploads\/2019\/03\/logo-corsica-sardinia-ferries.png\" alt=\"\" class=\"wp-image-3332\"\/><\/figure>\n\n\n\n<figure class=\"wp-block-image size-full \u00ecmage_6 swiper-slide\"><img loading=\"lazy\" decoding=\"async\" width=\"366\" height=\"316\" src=\"https:\/\/www.campingcaladostia.com\/wp-content\/uploads\/2019\/03\/logo-camperisti-sardi.png\" alt=\"\" class=\"wp-image-3329\"\/><\/figure>\n\n\n\n<figure class=\"wp-block-image size-full \u00ecmage_7 swiper-slide\"><img loading=\"lazy\" decoding=\"async\" width=\"366\" height=\"316\" src=\"https:\/\/www.campingcaladostia.com\/wp-content\/uploads\/2019\/03\/logo-booking-com.png\" alt=\"\" class=\"wp-image-3326\"\/><\/figure>\n<\/div><\/div>\n<\/div><\/div>\n<\/div><\/div>\n","protected":false},"excerpt":{"rendered":"<p>Il camping di Cala d&#8217;Ostia possiede all&#8217;interno della sua area camping un fornitissimo mini market&#8230;<\/p>\n","protected":false},"author":1,"featured_media":3030,"parent":1067,"menu_order":4,"comment_status":"closed","ping_status":"closed","template":"fullwith-without-title.php","meta":{"footnotes":""},"class_list":["post-1041","page","type-page","status-publish","has-post-thumbnail","hentry"],"yoast_head":"<!-- This site is optimized with the Yoast SEO plugin v27.1.1 - https:\/\/yoast.com\/product\/yoast-seo-wordpress\/ -->\n<title>Mini-Markt - Camping Cala d&#039;Ostia<\/title>\n<meta name=\"description\" content=\"Auf dem Campingplatz Cala d&#039;Ostia, gibt es auch einen kleinen Supermarkt, in dem Sie eine breite Palette von Lebensmitteln kaufen k\u00f6nnen.\" \/>\n<meta name=\"robots\" content=\"index, follow, max-snippet:-1, max-image-preview:large, max-video-preview:-1\" \/>\n<link rel=\"canonical\" href=\"https:\/\/www.campingcaladostia.com\/de\/einrichtungen\/mini-markt\/\" \/>\n<meta property=\"og:locale\" content=\"de_DE\" \/>\n<meta property=\"og:type\" content=\"article\" \/>\n<meta property=\"og:title\" content=\"Mini-Markt - Camping Cala d&#039;Ostia\" \/>\n<meta property=\"og:description\" content=\"Auf dem Campingplatz Cala d&#039;Ostia, gibt es auch einen kleinen Supermarkt, in dem Sie eine breite Palette von Lebensmitteln kaufen k\u00f6nnen.\" \/>\n<meta property=\"og:url\" content=\"https:\/\/www.campingcaladostia.com\/de\/einrichtungen\/mini-markt\/\" \/>\n<meta property=\"og:site_name\" content=\"Camping Cala d&#039;Ostia\" \/>\n<meta property=\"article:modified_time\" content=\"2025-03-04T15:36:54+00:00\" \/>\n<meta property=\"og:image\" content=\"https:\/\/www.campingcaladostia.com\/wp-content\/uploads\/2018\/04\/mini-market-2-camping-sardegna-pula.jpg\" \/>\n\t<meta property=\"og:image:width\" content=\"1920\" \/>\n\t<meta property=\"og:image:height\" content=\"1280\" \/>\n\t<meta property=\"og:image:type\" content=\"image\/jpeg\" \/>\n<meta name=\"twitter:card\" content=\"summary_large_image\" \/>\n<meta name=\"twitter:label1\" content=\"Gesch\u00e4tzte Lesezeit\" \/>\n\t<meta name=\"twitter:data1\" content=\"4\u00a0Minuten\" \/>\n<script type=\"application\/ld+json\" class=\"yoast-schema-graph\">{\"@context\":\"https:\/\/schema.org\",\"@graph\":[{\"@type\":\"WebPage\",\"@id\":\"https:\/\/www.campingcaladostia.com\/de\/einrichtungen\/mini-markt\/\",\"url\":\"https:\/\/www.campingcaladostia.com\/de\/einrichtungen\/mini-markt\/\",\"name\":\"Mini-Markt - Camping Cala d'Ostia\",\"isPartOf\":{\"@id\":\"https:\/\/www.campingcaladostia.com\/de\/#website\"},\"primaryImageOfPage\":{\"@id\":\"https:\/\/www.campingcaladostia.com\/de\/einrichtungen\/mini-markt\/#primaryimage\"},\"image\":{\"@id\":\"https:\/\/www.campingcaladostia.com\/de\/einrichtungen\/mini-markt\/#primaryimage\"},\"thumbnailUrl\":\"https:\/\/www.campingcaladostia.com\/wp-content\/uploads\/2018\/04\/mini-market-2-camping-sardegna-pula.jpg\",\"datePublished\":\"2016-02-25T09:28:36+00:00\",\"dateModified\":\"2025-03-04T15:36:54+00:00\",\"description\":\"Auf dem Campingplatz Cala d'Ostia, gibt es auch einen kleinen Supermarkt, in dem Sie eine breite Palette von Lebensmitteln kaufen k\u00f6nnen.\",\"breadcrumb\":{\"@id\":\"https:\/\/www.campingcaladostia.com\/de\/einrichtungen\/mini-markt\/#breadcrumb\"},\"inLanguage\":\"de\",\"potentialAction\":[{\"@type\":\"ReadAction\",\"target\":[\"https:\/\/www.campingcaladostia.com\/de\/einrichtungen\/mini-markt\/\"]}]},{\"@type\":\"ImageObject\",\"inLanguage\":\"de\",\"@id\":\"https:\/\/www.campingcaladostia.com\/de\/einrichtungen\/mini-markt\/#primaryimage\",\"url\":\"https:\/\/www.campingcaladostia.com\/wp-content\/uploads\/2018\/04\/mini-market-2-camping-sardegna-pula.jpg\",\"contentUrl\":\"https:\/\/www.campingcaladostia.com\/wp-content\/uploads\/2018\/04\/mini-market-2-camping-sardegna-pula.jpg\",\"width\":1920,\"height\":1280,\"caption\":\"Mini-Markt\"},{\"@type\":\"BreadcrumbList\",\"@id\":\"https:\/\/www.campingcaladostia.com\/de\/einrichtungen\/mini-markt\/#breadcrumb\",\"itemListElement\":[{\"@type\":\"ListItem\",\"position\":1,\"name\":\"Home\",\"item\":\"https:\/\/www.campingcaladostia.com\/de\/\"},{\"@type\":\"ListItem\",\"position\":2,\"name\":\"Einrichtungen\",\"item\":\"https:\/\/www.campingcaladostia.com\/de\/einrichtungen\/\"},{\"@type\":\"ListItem\",\"position\":3,\"name\":\"Mini-Markt\"}]},{\"@type\":\"WebSite\",\"@id\":\"https:\/\/www.campingcaladostia.com\/de\/#website\",\"url\":\"https:\/\/www.campingcaladostia.com\/de\/\",\"name\":\"Camping Cala d&#039;Ostia\",\"description\":\"Campeggio Sardegna sul mare a Pula\",\"potentialAction\":[{\"@type\":\"SearchAction\",\"target\":{\"@type\":\"EntryPoint\",\"urlTemplate\":\"https:\/\/www.campingcaladostia.com\/de\/?s={search_term_string}\"},\"query-input\":{\"@type\":\"PropertyValueSpecification\",\"valueRequired\":true,\"valueName\":\"search_term_string\"}}],\"inLanguage\":\"de\"}]}<\/script>\n<!-- \/ Yoast SEO plugin. -->","yoast_head_json":{"title":"Mini-Markt - Camping Cala d'Ostia","description":"Auf dem Campingplatz Cala d'Ostia, gibt es auch einen kleinen Supermarkt, in dem Sie eine breite Palette von Lebensmitteln kaufen k\u00f6nnen.","robots":{"index":"index","follow":"follow","max-snippet":"max-snippet:-1","max-image-preview":"max-image-preview:large","max-video-preview":"max-video-preview:-1"},"canonical":"https:\/\/www.campingcaladostia.com\/de\/einrichtungen\/mini-markt\/","og_locale":"de_DE","og_type":"article","og_title":"Mini-Markt - Camping Cala d'Ostia","og_description":"Auf dem Campingplatz Cala d'Ostia, gibt es auch einen kleinen Supermarkt, in dem Sie eine breite Palette von Lebensmitteln kaufen k\u00f6nnen.","og_url":"https:\/\/www.campingcaladostia.com\/de\/einrichtungen\/mini-markt\/","og_site_name":"Camping Cala d&#039;Ostia","article_modified_time":"2025-03-04T15:36:54+00:00","og_image":[{"width":1920,"height":1280,"url":"https:\/\/www.campingcaladostia.com\/wp-content\/uploads\/2018\/04\/mini-market-2-camping-sardegna-pula.jpg","type":"image\/jpeg"}],"twitter_card":"summary_large_image","twitter_misc":{"Gesch\u00e4tzte Lesezeit":"4\u00a0Minuten"},"schema":{"@context":"https:\/\/schema.org","@graph":[{"@type":"WebPage","@id":"https:\/\/www.campingcaladostia.com\/de\/einrichtungen\/mini-markt\/","url":"https:\/\/www.campingcaladostia.com\/de\/einrichtungen\/mini-markt\/","name":"Mini-Markt - Camping Cala d'Ostia","isPartOf":{"@id":"https:\/\/www.campingcaladostia.com\/de\/#website"},"primaryImageOfPage":{"@id":"https:\/\/www.campingcaladostia.com\/de\/einrichtungen\/mini-markt\/#primaryimage"},"image":{"@id":"https:\/\/www.campingcaladostia.com\/de\/einrichtungen\/mini-markt\/#primaryimage"},"thumbnailUrl":"https:\/\/www.campingcaladostia.com\/wp-content\/uploads\/2018\/04\/mini-market-2-camping-sardegna-pula.jpg","datePublished":"2016-02-25T09:28:36+00:00","dateModified":"2025-03-04T15:36:54+00:00","description":"Auf dem Campingplatz Cala d'Ostia, gibt es auch einen kleinen Supermarkt, in dem Sie eine breite Palette von Lebensmitteln kaufen k\u00f6nnen.","breadcrumb":{"@id":"https:\/\/www.campingcaladostia.com\/de\/einrichtungen\/mini-markt\/#breadcrumb"},"inLanguage":"de","potentialAction":[{"@type":"ReadAction","target":["https:\/\/www.campingcaladostia.com\/de\/einrichtungen\/mini-markt\/"]}]},{"@type":"ImageObject","inLanguage":"de","@id":"https:\/\/www.campingcaladostia.com\/de\/einrichtungen\/mini-markt\/#primaryimage","url":"https:\/\/www.campingcaladostia.com\/wp-content\/uploads\/2018\/04\/mini-market-2-camping-sardegna-pula.jpg","contentUrl":"https:\/\/www.campingcaladostia.com\/wp-content\/uploads\/2018\/04\/mini-market-2-camping-sardegna-pula.jpg","width":1920,"height":1280,"caption":"Mini-Markt"},{"@type":"BreadcrumbList","@id":"https:\/\/www.campingcaladostia.com\/de\/einrichtungen\/mini-markt\/#breadcrumb","itemListElement":[{"@type":"ListItem","position":1,"name":"Home","item":"https:\/\/www.campingcaladostia.com\/de\/"},{"@type":"ListItem","position":2,"name":"Einrichtungen","item":"https:\/\/www.campingcaladostia.com\/de\/einrichtungen\/"},{"@type":"ListItem","position":3,"name":"Mini-Markt"}]},{"@type":"WebSite","@id":"https:\/\/www.campingcaladostia.com\/de\/#website","url":"https:\/\/www.campingcaladostia.com\/de\/","name":"Camping Cala d&#039;Ostia","description":"Campeggio Sardegna sul mare a Pula","potentialAction":[{"@type":"SearchAction","target":{"@type":"EntryPoint","urlTemplate":"https:\/\/www.campingcaladostia.com\/de\/?s={search_term_string}"},"query-input":{"@type":"PropertyValueSpecification","valueRequired":true,"valueName":"search_term_string"}}],"inLanguage":"de"}]}},"_links":{"self":[{"href":"https:\/\/www.campingcaladostia.com\/de\/wp-json\/wp\/v2\/pages\/1041","targetHints":{"allow":["GET"]}}],"collection":[{"href":"https:\/\/www.campingcaladostia.com\/de\/wp-json\/wp\/v2\/pages"}],"about":[{"href":"https:\/\/www.campingcaladostia.com\/de\/wp-json\/wp\/v2\/types\/page"}],"author":[{"embeddable":true,"href":"https:\/\/www.campingcaladostia.com\/de\/wp-json\/wp\/v2\/users\/1"}],"replies":[{"embeddable":true,"href":"https:\/\/www.campingcaladostia.com\/de\/wp-json\/wp\/v2\/comments?post=1041"}],"version-history":[{"count":10,"href":"https:\/\/www.campingcaladostia.com\/de\/wp-json\/wp\/v2\/pages\/1041\/revisions"}],"predecessor-version":[{"id":5341,"href":"https:\/\/www.campingcaladostia.com\/de\/wp-json\/wp\/v2\/pages\/1041\/revisions\/5341"}],"up":[{"embeddable":true,"href":"https:\/\/www.campingcaladostia.com\/de\/wp-json\/wp\/v2\/pages\/1067"}],"wp:featuredmedia":[{"embeddable":true,"href":"https:\/\/www.campingcaladostia.com\/de\/wp-json\/wp\/v2\/media\/3030"}],"wp:attachment":[{"href":"https:\/\/www.campingcaladostia.com\/de\/wp-json\/wp\/v2\/media?parent=1041"}],"curies":[{"name":"wp","href":"https:\/\/api.w.org\/{rel}","templated":true}]}}